{"id":392,"date":"2024-10-24T04:53:23","date_gmt":"2024-10-24T04:53:23","guid":{"rendered":"https:\/\/mdm-training.com\/?page_id=392"},"modified":"2025-03-18T09:45:16","modified_gmt":"2025-03-18T09:45:16","slug":"stimmen","status":"publish","type":"page","link":"https:\/\/mdm-training.com\/it\/stimmen\/","title":{"rendered":"Voci"},"content":{"rendered":"<p>[et_pb_section fb_built=&#8220;1&#8243; disabled_on=&#8220;on|on|off&#8220; _builder_version=&#8220;4.27.0&#8243; _module_preset=&#8220;default&#8220; background_image=&#8220;https:\/\/mdm-training.com\/wp-content\/uploads\/2024\/10\/135-101.jpg&#8220; custom_padding=&#8220;13vw||3vw||false|false&#8220; global_colors_info=&#8220;{}&#8220;][et_pb_row custom_padding_last_edited=&#8220;on|phone&#8220; _builder_version=&#8220;4.27.0&#8243; _module_preset=&#8220;default&#8220; background_color=&#8220;rgba(158,201,67,0.83)&#8220; width=&#8220;50%&#8220; width_tablet=&#8220;50%&#8220; width_phone=&#8220;100%&#8220; width_last_edited=&#8220;on|phone&#8220; module_alignment=&#8220;right&#8220; custom_padding=&#8220;40px|40px|40px|40px|true|true&#8220; custom_padding_tablet=&#8220;40px|40px|40px|40px|true|true&#8220; custom_padding_phone=&#8220;10px|10px|10px|10px|true|true&#8220; global_colors_info=&#8220;{}&#8220; width__hover_enabled=&#8220;off|desktop&#8220;][et_pb_column type=&#8220;4_4&#8243; _builder_version=&#8220;4.27.0&#8243; _module_preset=&#8220;default&#8220; global_colors_info=&#8220;{}&#8220;][et_pb_text _builder_version=&#8220;4.27.0&#8243; _module_preset=&#8220;default&#8220; text_text_color=&#8220;#FFFFFF&#8220; text_font_size=&#8220;15px&#8220; header_4_font=&#8220;|300|||||||&#8220; header_4_text_color=&#8220;#FFFFFF&#8220; header_4_font_size=&#8220;26px&#8220; text_orientation=&#8220;right&#8220; text_font_size_tablet=&#8220;15px&#8220; text_font_size_phone=&#8220;12px&#8220; text_font_size_last_edited=&#8220;on|phone&#8220; header_4_font_size_tablet=&#8220;26px&#8220; header_4_font_size_phone=&#8220;19px&#8220; header_4_font_size_last_edited=&#8220;on|phone&#8220; global_colors_info=&#8220;{}&#8220;]<\/p>\n<h4>Non \u00e8 ci\u00f2 che sperimentiamo, ma come ci sentiamo rispetto a ci\u00f2 che abbiamo sperimentato a determinare il nostro destino.<\/h4>\n<p><span>~Marie von Ebner-Eschenbach<\/span>[\/et_pb_text][\/et_pb_column][\/et_pb_row][\/et_pb_section][et_pb_section fb_built=&#8220;1&#8243; disabled_on=&#8220;off|off|on&#8220; _builder_version=&#8220;4.27.0&#8243; _module_preset=&#8220;default&#8220; custom_padding=&#8220;0px||0px||false|false&#8220; global_colors_info=&#8220;{}&#8220;][et_pb_row _builder_version=&#8220;4.27.0&#8243; _module_preset=&#8220;default&#8220; width=&#8220;100%&#8220; custom_padding=&#8220;0px||0px||false|false&#8220; global_colors_info=&#8220;{}&#8220;][et_pb_column type=&#8220;4_4&#8243; _builder_version=&#8220;4.27.0&#8243; _module_preset=&#8220;default&#8220; global_colors_info=&#8220;{}&#8220;][et_pb_image src=&#8220;https:\/\/mdm-training.com\/wp-content\/uploads\/2024\/10\/135-101.jpg&#8220; title_text=&#8220;135-10%911%93&#8243; _builder_version=&#8220;4.27.0&#8243; _module_preset=&#8220;default&#8220; global_colors_info=&#8220;{}&#8220;][\/et_pb_image][\/et_pb_column][\/et_pb_row][et_pb_row custom_padding_last_edited=&#8220;on|phone&#8220; _builder_version=&#8220;4.27.0&#8243; _module_preset=&#8220;default&#8220; background_color=&#8220;rgba(158,201,67,0.83)&#8220; width=&#8220;50%&#8220; width_tablet=&#8220;50%&#8220; width_phone=&#8220;100%&#8220; width_last_edited=&#8220;on|phone&#8220; module_alignment=&#8220;right&#8220; custom_padding=&#8220;40px|40px|40px|40px|true|true&#8220; custom_padding_tablet=&#8220;40px|40px|40px|40px|true|true&#8220; custom_padding_phone=&#8220;15px|15px|15px|15px|true|true&#8220; global_colors_info=&#8220;{}&#8220; width__hover_enabled=&#8220;off|desktop&#8220;][et_pb_column type=&#8220;4_4&#8243; _builder_version=&#8220;4.27.0&#8243; _module_preset=&#8220;default&#8220; global_colors_info=&#8220;{}&#8220;][et_pb_text _builder_version=&#8220;4.27.0&#8243; _module_preset=&#8220;default&#8220; text_text_color=&#8220;#FFFFFF&#8220; text_font_size=&#8220;15px&#8220; header_4_font=&#8220;|300|||||||&#8220; header_4_text_color=&#8220;#FFFFFF&#8220; header_4_font_size=&#8220;26px&#8220; text_orientation=&#8220;right&#8220; text_font_size_tablet=&#8220;15px&#8220; text_font_size_phone=&#8220;12px&#8220; text_font_size_last_edited=&#8220;on|phone&#8220; header_4_font_size_tablet=&#8220;26px&#8220; header_4_font_size_phone=&#8220;19px&#8220; header_4_font_size_last_edited=&#8220;on|phone&#8220; global_colors_info=&#8220;{}&#8220;]<\/p>\n<h4>Non \u00e8 ci\u00f2 che sperimentiamo, ma come ci sentiamo rispetto a ci\u00f2 che abbiamo sperimentato a determinare il nostro destino.<\/h4>\n<p><span>~Marie von Ebner-Eschenbach<\/span>[\/et_pb_text][\/et_pb_column][\/et_pb_row][\/et_pb_section][et_pb_section fb_built=&#8220;1&#8243; _builder_version=&#8220;4.27.0&#8243; _module_preset=&#8220;default&#8220; global_colors_info=&#8220;{}&#8220;][et_pb_row custom_padding_last_edited=&#8220;on|phone&#8220; _builder_version=&#8220;4.27.0&#8243; _module_preset=&#8220;default&#8220; width_tablet=&#8220;&#8220; width_phone=&#8220;90%&#8220; width_last_edited=&#8220;on|phone&#8220; custom_padding_tablet=&#8220;&#8220; custom_padding_phone=&#8220;0px||0px||false|false&#8220; global_colors_info=&#8220;{}&#8220;][et_pb_column type=&#8220;4_4&#8243; _builder_version=&#8220;4.27.0&#8243; _module_preset=&#8220;default&#8220; global_colors_info=&#8220;{}&#8220;][et_pb_text _builder_version=&#8220;4.27.0&#8243; _module_preset=&#8220;default&#8220; header_font=&#8220;|700|||||||&#8220; header_text_color=&#8220;#3f6123&#8243; header_font_size=&#8220;36px&#8220; custom_margin=&#8220;||5px||false|false&#8220; header_font_size_tablet=&#8220;36px&#8220; header_font_size_phone=&#8220;30px&#8220; header_font_size_last_edited=&#8220;on|phone&#8220; global_colors_info=&#8220;{}&#8220;]<\/p>\n<h1>Voci<\/h1>\n<p>[\/et_pb_text][et_pb_divider divider_weight=&#8220;8px&#8220; divider_weight_tablet=&#8220;8px&#8220; divider_weight_phone=&#8220;5px&#8220; divider_weight_last_edited=&#8220;on|phone&#8220; _builder_version=&#8220;4.27.0&#8243; _module_preset=&#8220;default&#8220; width=&#8220;7%&#8220; width_tablet=&#8220;7%&#8220; width_phone=&#8220;17%&#8220; width_last_edited=&#8220;on|phone&#8220; custom_margin=&#8220;||5px||false|false&#8220; global_colors_info=&#8220;{}&#8220;][\/et_pb_divider][et_pb_text _builder_version=&#8220;4.27.0&#8243; _module_preset=&#8220;default&#8220; header_font=&#8220;|700|||||||&#8220; header_text_color=&#8220;#3f6123&#8243; header_font_size=&#8220;36px&#8220; header_2_font=&#8220;|700|||||||&#8220; header_2_text_color=&#8220;#9ec943&#8243; header_2_font_size=&#8220;25px&#8220; custom_margin=&#8220;||5px||false|false&#8220; header_font_size_tablet=&#8220;36px&#8220; header_font_size_phone=&#8220;30px&#8220; header_font_size_last_edited=&#8220;on|phone&#8220; header_2_font_size_tablet=&#8220;32px&#8220; header_2_font_size_phone=&#8220;20px&#8220; header_2_font_size_last_edited=&#8220;on|phone&#8220; global_colors_info=&#8220;{}&#8220;]<\/p>\n<h2>Voci dei partecipanti a seminari \/ workshop \/ sessioni di coaching<br \/>\n<\/h2>\n<p>[\/et_pb_text][\/et_pb_column][\/et_pb_row][et_pb_row custom_padding_last_edited=&#8220;on|phone&#8220; _builder_version=&#8220;4.27.0&#8243; _module_preset=&#8220;default&#8220; width_tablet=&#8220;&#8220; width_phone=&#8220;90%&#8220; width_last_edited=&#8220;on|phone&#8220; custom_padding_tablet=&#8220;&#8220; custom_padding_phone=&#8220;||0px||false|false&#8220; locked=&#8220;off&#8220; global_colors_info=&#8220;{}&#8220;][et_pb_column type=&#8220;4_4&#8243; _builder_version=&#8220;4.27.0&#8243; _module_preset=&#8220;default&#8220; global_colors_info=&#8220;{}&#8220;][et_pb_text _builder_version=&#8220;4.27.0&#8243; _module_preset=&#8220;default&#8220; header_font=&#8220;|700|||||||&#8220; header_text_color=&#8220;#3f6123&#8243; header_font_size=&#8220;36px&#8220; header_2_font=&#8220;|700|||||||&#8220; header_2_text_color=&#8220;#9ec943&#8243; header_2_font_size=&#8220;25px&#8220; header_4_text_color=&#8220;#5d5d5d&#8220; custom_margin=&#8220;||5px||false|false&#8220; custom_padding=&#8220;||28px|||&#8220; hover_enabled=&#8220;0&#8243; header_font_size_tablet=&#8220;36px&#8220; header_font_size_phone=&#8220;30px&#8220; header_font_size_last_edited=&#8220;on|phone&#8220; header_2_font_size_tablet=&#8220;32px&#8220; header_2_font_size_phone=&#8220;20px&#8220; header_2_font_size_last_edited=&#8220;on|phone&#8220; global_colors_info=&#8220;{}&#8220; sticky_enabled=&#8220;0&#8243;]<\/p>\n<h4><strong>Workshop &#8222;Umgang mit schwierigen Situationen am Empfang&#8220; \/ Nov 24<br \/><\/strong><\/h4>\n<p>[\/et_pb_text][et_pb_text _builder_version=&#8220;4.27.0&#8243; _module_preset=&#8220;default&#8220; text_font_size_tablet=&#8220;&#8220; text_font_size_phone=&#8220;14px&#8220; text_font_size_last_edited=&#8220;on|phone&#8220; global_colors_info=&#8220;{}&#8220;]<\/p>\n<p>&#8222;Ich habe es super gefunden, dass wir die Schulung machen durften. Sie war sehr lehrreich. Ich habe einige &#8222;Techniken&#8220; gelernt in Umgang mit Klienten resp. Kunden. Ich habe diese versucht umzusetzen und kann sagen, dass diese wirklich etwas bewirken. Auf schwierige Situationen gehe ich jetzt viel entspannter und mit einem Plan an. Diese bew\u00e4hren sich nicht nur auf der Arbeit sondern auch im privaten Leben \ud83d\ude42 &#8222;<\/p>\n<p>Ardita M.<\/p>\n<p>&nbsp;<\/p>\n<p>&#8220; Die Schulung hat genau auf unsere Bed\u00fcrfnisse gepasst&#8220;<\/p>\n<p>Claudia Z.<\/p>\n<p>[\/et_pb_text][\/et_pb_column][\/et_pb_row][et_pb_row custom_padding_last_edited=&#8220;on|phone&#8220; _builder_version=&#8220;4.27.0&#8243; _module_preset=&#8220;default&#8220; width_tablet=&#8220;&#8220; width_phone=&#8220;90%&#8220; width_last_edited=&#8220;on|phone&#8220; custom_padding_tablet=&#8220;&#8220; custom_padding_phone=&#8220;||0px||false|false&#8220; locked=&#8220;off&#8220; global_colors_info=&#8220;{}&#8220;][et_pb_column type=&#8220;4_4&#8243; _builder_version=&#8220;4.27.0&#8243; _module_preset=&#8220;default&#8220; global_colors_info=&#8220;{}&#8220;][et_pb_text _builder_version=&#8220;4.27.0&#8243; _module_preset=&#8220;default&#8220; header_font=&#8220;|700|||||||&#8220; header_text_color=&#8220;#3f6123&#8243; header_font_size=&#8220;36px&#8220; header_2_font=&#8220;|700|||||||&#8220; header_2_text_color=&#8220;#9ec943&#8243; header_2_font_size=&#8220;25px&#8220; header_4_text_color=&#8220;#5d5d5d&#8220; custom_margin=&#8220;||5px||false|false&#8220; header_font_size_tablet=&#8220;36px&#8220; header_font_size_phone=&#8220;30px&#8220; header_font_size_last_edited=&#8220;on|phone&#8220; header_2_font_size_tablet=&#8220;32px&#8220; header_2_font_size_phone=&#8220;20px&#8220; header_2_font_size_last_edited=&#8220;on|phone&#8220; global_colors_info=&#8220;{}&#8220;]<\/p>\n<h4><strong>Sequenze di coaching come servizio individuale 2022<\/strong><\/h4>\n<p>[\/et_pb_text][et_pb_text _builder_version=&#8220;4.27.0&#8243; _module_preset=&#8220;default&#8220; text_font_size_tablet=&#8220;&#8220; text_font_size_phone=&#8220;14px&#8220; text_font_size_last_edited=&#8220;on|phone&#8220; global_colors_info=&#8220;{}&#8220;]<\/p>\n<p>&#8222;Beeindruckende, erfahrene und weise Pers\u00f6nlichkeit, von der ich gerne auch k\u00fcnftig lerne!&#8220;<\/p>\n<p>Flaurence B.<\/p>\n<p>&nbsp;<\/p>\n<p>&#8222;Guter Bezug zur Praxis. Mariella setzt sich mit dem Thema auseinander und denkt sich in die Thematik des Gegen\u00fcbers ein.&#8220;<\/p>\n<p>Jannine B.<\/p>\n<p>[\/et_pb_text][\/et_pb_column][\/et_pb_row][et_pb_row custom_padding_last_edited=&#8220;on|phone&#8220; _builder_version=&#8220;4.27.0&#8243; _module_preset=&#8220;default&#8220; width_tablet=&#8220;&#8220; width_phone=&#8220;90%&#8220; width_last_edited=&#8220;on|phone&#8220; custom_padding_tablet=&#8220;&#8220; custom_padding_phone=&#8220;||0px||false|false&#8220; locked=&#8220;off&#8220; global_colors_info=&#8220;{}&#8220;][et_pb_column type=&#8220;4_4&#8243; _builder_version=&#8220;4.27.0&#8243; _module_preset=&#8220;default&#8220; global_colors_info=&#8220;{}&#8220;][et_pb_text _builder_version=&#8220;4.27.0&#8243; _module_preset=&#8220;default&#8220; header_font=&#8220;|700|||||||&#8220; header_text_color=&#8220;#3f6123&#8243; header_font_size=&#8220;36px&#8220; header_2_font=&#8220;|700|||||||&#8220; header_2_text_color=&#8220;#9ec943&#8243; header_2_font_size=&#8220;25px&#8220; header_4_text_color=&#8220;#5d5d5d&#8220; custom_margin=&#8220;||5px||false|false&#8220; header_font_size_tablet=&#8220;36px&#8220; header_font_size_phone=&#8220;30px&#8220; header_font_size_last_edited=&#8220;on|phone&#8220; header_2_font_size_tablet=&#8220;32px&#8220; header_2_font_size_phone=&#8220;20px&#8220; header_2_font_size_last_edited=&#8220;on|phone&#8220; global_colors_info=&#8220;{}&#8220;]<\/p>\n<h4>Seminario \u201cConvalida - comunicazione con le persone affette da demenza\u201d \/ 22 gen.<\/h4>\n<p>[\/et_pb_text][et_pb_text _builder_version=&#8220;4.27.0&#8243; _module_preset=&#8220;default&#8220; text_font_size_tablet=&#8220;&#8220; text_font_size_phone=&#8220;14px&#8220; text_font_size_last_edited=&#8220;on|phone&#8220; global_colors_info=&#8220;{}&#8220;]<\/p>\n<p>&#8222;Sehr sympathische, empathische, lebenserfahrene, kompetente Frau, die exellent auf unsere Bed\u00fcrfnisse eingegangen ist. Man hat gesp\u00fcrt, dass sie sich vorab sehr intensiv mit unserer Berufsgruppe und den damit verbundenen Anspr\u00fcchen auseinandergesetzt hat. Habe grade heute nach dem Seminar meine an Demenz erkrankte Mutter angerufen und das Erlernte bewusst angewendet. Es war ein sehr werzsch\u00e4tzendes, liebevolles Gespr\u00e4ch. Bin sehr dankbar und freue mich das Erlernte bald in meiner beruflichen Praxis anzuwenden.&#8220;<\/p>\n<p>Sabine B.<\/p>\n<p>&nbsp;<\/p>\n<p>&#8222;Die Balance zwischen Fachwissen und pers\u00f6nlichen Erfahrungen &amp; Inputs war sehr gut und machte es weder zu lehrerhaft noch zu pers\u00f6nlich &amp; emotional.&#8220;<\/p>\n<p>Antonio M.<\/p>\n<p>&nbsp;<\/p>\n<p>&#8222;Sehr praxisbezogene Themen und \u00dcbungen, neue Erkenntnisse k\u00f6nnen im Alltag mit dementen Personen angewendet werden.&#8220;<\/p>\n<p>Gabriela T.<\/p>\n<p>[\/et_pb_text][\/et_pb_column][\/et_pb_row][et_pb_row custom_padding_last_edited=&#8220;on|phone&#8220; _builder_version=&#8220;4.27.0&#8243; _module_preset=&#8220;default&#8220; width_tablet=&#8220;&#8220; width_phone=&#8220;90%&#8220; width_last_edited=&#8220;on|phone&#8220; custom_padding_tablet=&#8220;&#8220; custom_padding_phone=&#8220;||0px||false|false&#8220; locked=&#8220;off&#8220; global_colors_info=&#8220;{}&#8220;][et_pb_column type=&#8220;4_4&#8243; _builder_version=&#8220;4.27.0&#8243; _module_preset=&#8220;default&#8220; global_colors_info=&#8220;{}&#8220;][et_pb_text _builder_version=&#8220;4.27.0&#8243; _module_preset=&#8220;default&#8220; header_font=&#8220;|700|||||||&#8220; header_text_color=&#8220;#3f6123&#8243; header_font_size=&#8220;36px&#8220; header_2_font=&#8220;|700|||||||&#8220; header_2_text_color=&#8220;#9ec943&#8243; header_2_font_size=&#8220;25px&#8220; header_4_text_color=&#8220;#5d5d5d&#8220; custom_margin=&#8220;||5px||false|false&#8220; header_font_size_tablet=&#8220;36px&#8220; header_font_size_phone=&#8220;30px&#8220; header_font_size_last_edited=&#8220;on|phone&#8220; header_2_font_size_tablet=&#8220;32px&#8220; header_2_font_size_phone=&#8220;20px&#8220; header_2_font_size_last_edited=&#8220;on|phone&#8220; global_colors_info=&#8220;{}&#8220;]<\/p>\n<h4><strong>Workshop \u201cComunicazione di squadra\u201d \/ 21 novembre<\/strong><\/h4>\n<p>[\/et_pb_text][et_pb_text _builder_version=&#8220;4.27.0&#8243; _module_preset=&#8220;default&#8220; text_font_size_tablet=&#8220;&#8220; text_font_size_phone=&#8220;14px&#8220; text_font_size_last_edited=&#8220;on|phone&#8220; global_colors_info=&#8220;{}&#8220;]<\/p>\n<p>&#8222;Ich mag deine einf\u00fchlende Art, deine Leichtigkeit, dein chaotisch sein, dein klarer Fokus auf ein Ziel, dein Wohlwollen f\u00fcr ein Team und jeden einzelnen darin, dein Humor, dein Wissen, deine Kompetenz, deine Erfahrungen und einfach deine Art, so wie du bist. Herzlichen Dank f\u00fcr den bereichenden Tag mit und bei uns.&#8220;<\/p>\n<p>Angela K.<\/p>\n<p>&nbsp;<\/p>\n<p>&#8222;Besonders gut gefallen haben mir die Gruppenarbeiten und wie Du uns den Stoff auf lustige und abwechslungsreiche Art vermittelt hast. Auch Deine Fachkompetenz hat mich sehr beeindruckt.&#8220;<\/p>\n<p>Angelina G.<\/p>\n<p>&nbsp;<\/p>\n<p>&#8222;Ich kam mit skeptischen Gef\u00fchlen ins Seminar. Schon bei der Vorstellung der Seminarleiterin wurde mir die Skepsis genommen und es versprach einen guten Tag zu werden. Am Ende des Tages bedanke ich mich herzlichst bei Mariella, f\u00fcr ein sehr lehrreiches Seminar, gespickt mit Humor, wo ich viel gelernt habe und das Gelernte auch gerne in meinen Alltag einbringen werde.&#8220;<\/p>\n<p>Beatrice B.<\/p>\n<p>[\/et_pb_text][\/et_pb_column][\/et_pb_row][et_pb_row custom_padding_last_edited=&#8220;on|phone&#8220; _builder_version=&#8220;4.27.0&#8243; _module_preset=&#8220;default&#8220; width_tablet=&#8220;&#8220; width_phone=&#8220;90%&#8220; width_last_edited=&#8220;on|phone&#8220; custom_padding_tablet=&#8220;&#8220; custom_padding_phone=&#8220;||0px||false|false&#8220; locked=&#8220;off&#8220; global_colors_info=&#8220;{}&#8220;][et_pb_column type=&#8220;4_4&#8243; _builder_version=&#8220;4.27.0&#8243; _module_preset=&#8220;default&#8220; global_colors_info=&#8220;{}&#8220;][et_pb_text _builder_version=&#8220;4.27.0&#8243; _module_preset=&#8220;default&#8220; header_font=&#8220;|700|||||||&#8220; header_text_color=&#8220;#3f6123&#8243; header_font_size=&#8220;36px&#8220; header_2_font=&#8220;|700|||||||&#8220; header_2_text_color=&#8220;#9ec943&#8243; header_2_font_size=&#8220;25px&#8220; header_4_text_color=&#8220;#5d5d5d&#8220; custom_margin=&#8220;||5px||false|false&#8220; header_font_size_tablet=&#8220;36px&#8220; header_font_size_phone=&#8220;30px&#8220; header_font_size_last_edited=&#8220;on|phone&#8220; header_2_font_size_tablet=&#8220;32px&#8220; header_2_font_size_phone=&#8220;20px&#8220; header_2_font_size_last_edited=&#8220;on|phone&#8220; global_colors_info=&#8220;{}&#8220;]<\/p>\n<p><strong>Seminario \u201cFormazione telefonica\u201d \/ 21 giugno<\/strong><\/p>\n<p>[\/et_pb_text][et_pb_text _builder_version=&#8220;4.27.0&#8243; _module_preset=&#8220;default&#8220; text_font_size_tablet=&#8220;&#8220; text_font_size_phone=&#8220;14px&#8220; text_font_size_last_edited=&#8220;on|phone&#8220; global_colors_info=&#8220;{}&#8220;]<\/p>\n<p>&#8222;Man konnte das Gesagte sofort \u00fcben und es sich auch im Alltag vorstellen. F\u00fcr meine berufliche T\u00e4tigkeit sehr wichtig \ud83d\ude42 Es war spannend und es kam \u00fcberhaupt keine Langeweile auf. War sehr interessant und hilfreich.&#8220;<\/p>\n<p>Susanna H.<\/p>\n<p>&nbsp;<\/p>\n<p>&#8222;Besonders gefallen hat mir das Bewusstsein der Wirkung von Worten, welche wir 100x pro Tag ausprechen.&#8220;<\/p>\n<p>Fabienne B.<\/p>\n<p>&nbsp;<\/p>\n<p>&#8222;Hat mir Denkanst\u00f6sse gegeben und zum Teil eine andere Sichtweise.&#8220;<\/p>\n<p>Margrit G.<\/p>\n<p>[\/et_pb_text][\/et_pb_column][\/et_pb_row][et_pb_row custom_padding_last_edited=&#8220;on|phone&#8220; _builder_version=&#8220;4.27.0&#8243; _module_preset=&#8220;default&#8220; width_tablet=&#8220;&#8220; width_phone=&#8220;90%&#8220; width_last_edited=&#8220;on|phone&#8220; custom_padding_tablet=&#8220;&#8220; custom_padding_phone=&#8220;||0px||false|false&#8220; locked=&#8220;off&#8220; global_colors_info=&#8220;{}&#8220;][et_pb_column type=&#8220;4_4&#8243; _builder_version=&#8220;4.27.0&#8243; _module_preset=&#8220;default&#8220; global_colors_info=&#8220;{}&#8220;][et_pb_text _builder_version=&#8220;4.27.0&#8243; _module_preset=&#8220;default&#8220; header_font=&#8220;|700|||||||&#8220; header_text_color=&#8220;#3f6123&#8243; header_font_size=&#8220;36px&#8220; header_2_font=&#8220;|700|||||||&#8220; header_2_text_color=&#8220;#9ec943&#8243; header_2_font_size=&#8220;25px&#8220; header_4_text_color=&#8220;#5d5d5d&#8220; custom_margin=&#8220;||5px||false|false&#8220; header_font_size_tablet=&#8220;36px&#8220; header_font_size_phone=&#8220;30px&#8220; header_font_size_last_edited=&#8220;on|phone&#8220; header_2_font_size_tablet=&#8220;32px&#8220; header_2_font_size_phone=&#8220;20px&#8220; header_2_font_size_last_edited=&#8220;on|phone&#8220; global_colors_info=&#8220;{}&#8220;]<\/p>\n<p><strong>Coaching individuale virtuale \u201cAnalizzare le proprie conversazioni telefoniche nel servizio clienti\u201d\/ Feb 21<\/strong><\/p>\n<p>[\/et_pb_text][et_pb_text _builder_version=&#8220;4.27.0&#8243; _module_preset=&#8220;default&#8220; text_font_size_tablet=&#8220;&#8220; text_font_size_phone=&#8220;14px&#8220; text_font_size_last_edited=&#8220;on|phone&#8220; global_colors_info=&#8220;{}&#8220;]<\/p>\n<p>&#8222;Das Coaching mit Dir Mariella fand ich sehr gut &amp; hilfreich, auch weil wir es virtuell durchf\u00fchren mussten. Du konntest mir die wichtigsten Tipps weitergeben. Das Coaching war angenehm, hilfreich und ehrlich.&#8220;<\/p>\n<p>Martina W.<\/p>\n<p>&nbsp;<\/p>\n<p>&#8222;Von Sekunde eins an sehr sympathisch. W\u00e4hrend dem ganzen Coaching herrschte eine positive und harmonische Stimmung, was ein Coaching sehr viel einfacher macht.&#8220;<\/p>\n<p>Lara B.<\/p>\n<p>&nbsp;<\/p>\n<p>&#8222;Der Coach kommt vom Fach, das merkt man. Sie hat mir super Tipps auf dem Weg gegeben. Auch konnte ich durch ihr Feedback Einiges dazu lernen. Ihre R\u00fcckmeldung hilft mir f\u00fcr die Zukunft besser zu werden.&#8220;<\/p>\n<p>Daniela S.<\/p>\n<p>[\/et_pb_text][\/et_pb_column][\/et_pb_row][et_pb_row custom_padding_last_edited=&#8220;on|phone&#8220; _builder_version=&#8220;4.27.0&#8243; _module_preset=&#8220;default&#8220; width_tablet=&#8220;&#8220; width_phone=&#8220;90%&#8220; width_last_edited=&#8220;on|phone&#8220; custom_padding_tablet=&#8220;&#8220; custom_padding_phone=&#8220;||0px||false|false&#8220; locked=&#8220;off&#8220; global_colors_info=&#8220;{}&#8220;][et_pb_column type=&#8220;4_4&#8243; _builder_version=&#8220;4.27.0&#8243; _module_preset=&#8220;default&#8220; global_colors_info=&#8220;{}&#8220;][et_pb_text _builder_version=&#8220;4.27.0&#8243; _module_preset=&#8220;default&#8220; header_font=&#8220;|700|||||||&#8220; header_text_color=&#8220;#3f6123&#8243; header_font_size=&#8220;36px&#8220; header_2_font=&#8220;|700|||||||&#8220; header_2_text_color=&#8220;#9ec943&#8243; header_2_font_size=&#8220;25px&#8220; header_4_text_color=&#8220;#5d5d5d&#8220; custom_margin=&#8220;||5px||false|false&#8220; header_font_size_tablet=&#8220;36px&#8220; header_font_size_phone=&#8220;30px&#8220; header_font_size_last_edited=&#8220;on|phone&#8220; header_2_font_size_tablet=&#8220;32px&#8220; header_2_font_size_phone=&#8220;20px&#8220; header_2_font_size_last_edited=&#8220;on|phone&#8220; global_colors_info=&#8220;{}&#8220;]<\/p>\n<p><strong>Workshop a Casa Cristina \u201cStrategia per i prossimi anni\u201d\/ 21 febbraio<\/strong><\/p>\n<p>[\/et_pb_text][et_pb_text _builder_version=&#8220;4.27.0&#8243; _module_preset=&#8220;default&#8220; text_font_size_tablet=&#8220;&#8220; text_font_size_phone=&#8220;14px&#8220; text_font_size_last_edited=&#8220;on|phone&#8220; global_colors_info=&#8220;{}&#8220;]<\/p>\n<p>&#8222;Ich bin sehr gl\u00fccklich aus den Workshop gegangen. Unsere Ziele wurden erreicht, haben zusammen sehr gute zwei Tage verbracht und mit Hilfe der Leitung positiv zur\u00fcck in den Alltag gehen k\u00f6nnen.&#8220;<\/p>\n<p>Alfredo O.<\/p>\n<p>&nbsp;<\/p>\n<p>&#8222;Der Workshop war sehr hilfreich. Sowie der gute und sch\u00f6ne Ort, war auch das Klima im Workshop. Es verbindet das Team, was ich auch als Positives mitnehme. Die Ziele wurden klar definiert und auch erreicht. Fazit: Wir sind auf dem richtigen Weg f\u00fcr die Zukunft..&#8220;<\/p>\n<p>Philipp B.<\/p>\n<p>&nbsp;<\/p>\n<p>&#8222;Ich fand es gut, dass wir alle im gleichen Haus \u00fcbernachtet haben und dass wir zusammen 4 Men\u00fcs gekocht haben. Das war f\u00fcr das Team super. Mich hat der Workshop weiter gebracht, vor allem auch die Unklarheit genommen, die ich hatte.&#8220;<\/p>\n<p>Edoardo D.S.<\/p>\n<p>[\/et_pb_text][\/et_pb_column][\/et_pb_row][\/et_pb_section][et_pb_section fb_built=&#8220;1&#8243; _builder_version=&#8220;4.27.0&#8243; _module_preset=&#8220;default&#8220; global_colors_info=&#8220;{}&#8220;][et_pb_row custom_padding_last_edited=&#8220;on|phone&#8220; _builder_version=&#8220;4.27.0&#8243; _module_preset=&#8220;default&#8220; width_tablet=&#8220;&#8220; width_phone=&#8220;90%&#8220; width_last_edited=&#8220;on|phone&#8220; custom_padding_tablet=&#8220;&#8220; custom_padding_phone=&#8220;0px||0px||false|false&#8220; global_colors_info=&#8220;{}&#8220;][et_pb_column type=&#8220;4_4&#8243; _builder_version=&#8220;4.27.0&#8243; _module_preset=&#8220;default&#8220; global_colors_info=&#8220;{}&#8220;][et_pb_text _builder_version=&#8220;4.27.0&#8243; _module_preset=&#8220;default&#8220; header_font=&#8220;|700|||||||&#8220; header_text_color=&#8220;#3f6123&#8243; header_font_size=&#8220;36px&#8220; header_2_font=&#8220;|700|||||||&#8220; header_2_text_color=&#8220;#9ec943&#8243; header_2_font_size=&#8220;25px&#8220; custom_margin=&#8220;||5px||false|false&#8220; header_font_size_tablet=&#8220;36px&#8220; header_font_size_phone=&#8220;30px&#8220; header_font_size_last_edited=&#8220;on|phone&#8220; header_2_font_size_tablet=&#8220;32px&#8220; header_2_font_size_phone=&#8220;20px&#8220; header_2_font_size_last_edited=&#8220;on|phone&#8220; global_colors_info=&#8220;{}&#8220;]<\/p>\n<h2>Le voci dei clienti<\/h2>\n<p>[\/et_pb_text][\/et_pb_column][\/et_pb_row][et_pb_row custom_padding_last_edited=&#8220;on|phone&#8220; _builder_version=&#8220;4.27.0&#8243; _module_preset=&#8220;default&#8220; width_tablet=&#8220;&#8220; width_phone=&#8220;90%&#8220; width_last_edited=&#8220;on|phone&#8220; custom_padding_tablet=&#8220;&#8220; custom_padding_phone=&#8220;||0px||false|false&#8220; locked=&#8220;off&#8220; global_colors_info=&#8220;{}&#8220;][et_pb_column type=&#8220;4_4&#8243; _builder_version=&#8220;4.27.0&#8243; _module_preset=&#8220;default&#8220; global_colors_info=&#8220;{}&#8220;][et_pb_text _builder_version=&#8220;4.27.0&#8243; _module_preset=&#8220;default&#8220; header_font=&#8220;|700|||||||&#8220; header_text_color=&#8220;#3f6123&#8243; header_font_size=&#8220;36px&#8220; header_2_font=&#8220;|700|||||||&#8220; header_2_text_color=&#8220;#9ec943&#8243; header_2_font_size=&#8220;25px&#8220; header_4_text_color=&#8220;#5d5d5d&#8220; custom_margin=&#8220;||5px||false|false&#8220; custom_padding=&#8220;||15px|||&#8220; header_font_size_tablet=&#8220;36px&#8220; header_font_size_phone=&#8220;30px&#8220; header_font_size_last_edited=&#8220;on|phone&#8220; header_2_font_size_tablet=&#8220;32px&#8220; header_2_font_size_phone=&#8220;20px&#8220; header_2_font_size_last_edited=&#8220;on|phone&#8220; global_colors_info=&#8220;{}&#8220;]<\/p>\n<h4><strong>Soziale Dienste Bezirk Uster, Volketswil<br \/><\/strong><\/h4>\n<p>[\/et_pb_text][et_pb_text _builder_version=&#8220;4.27.0&#8243; _module_preset=&#8220;default&#8220; custom_padding=&#8220;||0px|||&#8220; text_font_size_tablet=&#8220;&#8220; text_font_size_phone=&#8220;14px&#8220; text_font_size_last_edited=&#8220;on|phone&#8220; global_colors_info=&#8220;{}&#8220;]<\/p>\n<p>&#8222;Die Kommunikationsschulung f\u00fcr unser Schalterteam im sozialen Bereich war sehr erfolgreich und wir alle waren total begeistert! \u00a0Wir lernten auf spielerische Weise effektive Kommunikationstechniken (wie z.Bsp. aktives Zuh\u00f6ren, nonverbale Kommunikation, Konfliktl\u00f6sung, Abgrenzung, etc.), um unsere Klienten:Innen besser zu verstehen, aber auch um uns selber besser sch\u00fctzen zu k\u00f6nnen. Ich empfehle diese Schulung allen, die ihre Kommunikationsf\u00e4higkeiten bei einer sehr sympathischen und \u00fcberaus kompetenten Pers\u00f6nlichkeit verbessern m\u00f6chten.&#8220;\u00a0<\/p>\n<p>Andrea L\u00fcthi, Leiterin Administration<\/p>\n<p>[\/et_pb_text][\/et_pb_column][\/et_pb_row][et_pb_row custom_padding_last_edited=&#8220;on|phone&#8220; _builder_version=&#8220;4.27.0&#8243; _module_preset=&#8220;default&#8220; width_tablet=&#8220;&#8220; width_phone=&#8220;90%&#8220; width_last_edited=&#8220;on|phone&#8220; custom_padding_tablet=&#8220;&#8220; custom_padding_phone=&#8220;||0px||false|false&#8220; locked=&#8220;off&#8220; global_colors_info=&#8220;{}&#8220;][et_pb_column type=&#8220;4_4&#8243; _builder_version=&#8220;4.27.0&#8243; _module_preset=&#8220;default&#8220; global_colors_info=&#8220;{}&#8220;][et_pb_text _builder_version=&#8220;4.27.0&#8243; _module_preset=&#8220;default&#8220; header_font=&#8220;|700|||||||&#8220; header_text_color=&#8220;#3f6123&#8243; header_font_size=&#8220;36px&#8220; header_2_font=&#8220;|700|||||||&#8220; header_2_text_color=&#8220;#9ec943&#8243; header_2_font_size=&#8220;25px&#8220; header_4_text_color=&#8220;#5d5d5d&#8220; custom_margin=&#8220;||5px||false|false&#8220; header_font_size_tablet=&#8220;36px&#8220; header_font_size_phone=&#8220;30px&#8220; header_font_size_last_edited=&#8220;on|phone&#8220; header_2_font_size_tablet=&#8220;32px&#8220; header_2_font_size_phone=&#8220;20px&#8220; header_2_font_size_last_edited=&#8220;on|phone&#8220; global_colors_info=&#8220;{}&#8220;]<\/p>\n<h4><strong>Stiftung Lebensfreude, Frauenfeld<\/strong><\/h4>\n<p>[\/et_pb_text][et_pb_text _builder_version=&#8220;4.27.0&#8243; _module_preset=&#8220;default&#8220; text_font_size_tablet=&#8220;&#8220; text_font_size_phone=&#8220;14px&#8220; text_font_size_last_edited=&#8220;on|phone&#8220; global_colors_info=&#8220;{}&#8220;]<\/p>\n<p>&#8222;War wohl eine der besten Schulungen f\u00fcr unser Team seit es die Stiftung gibt und das sind immerhin 10 Jahre.&#8220;<\/p>\n<p>Christine Lienhard, Gr\u00fcnderin der Stiftung\u00a0<\/p>\n<p>[\/et_pb_text][\/et_pb_column][\/et_pb_row][et_pb_row custom_padding_last_edited=&#8220;on|phone&#8220; _builder_version=&#8220;4.27.0&#8243; _module_preset=&#8220;default&#8220; width_tablet=&#8220;&#8220; width_phone=&#8220;90%&#8220; width_last_edited=&#8220;on|phone&#8220; custom_padding_tablet=&#8220;&#8220; custom_padding_phone=&#8220;||0px||false|false&#8220; locked=&#8220;off&#8220; global_colors_info=&#8220;{}&#8220;][et_pb_column type=&#8220;4_4&#8243; _builder_version=&#8220;4.27.0&#8243; _module_preset=&#8220;default&#8220; global_colors_info=&#8220;{}&#8220;][et_pb_text _builder_version=&#8220;4.27.0&#8243; _module_preset=&#8220;default&#8220; header_font=&#8220;|700|||||||&#8220; header_text_color=&#8220;#3f6123&#8243; header_font_size=&#8220;36px&#8220; header_2_font=&#8220;|700|||||||&#8220; header_2_text_color=&#8220;#9ec943&#8243; header_2_font_size=&#8220;25px&#8220; header_4_text_color=&#8220;#5d5d5d&#8220; custom_margin=&#8220;||5px||false|false&#8220; header_font_size_tablet=&#8220;36px&#8220; header_font_size_phone=&#8220;30px&#8220; header_font_size_last_edited=&#8220;on|phone&#8220; header_2_font_size_tablet=&#8220;32px&#8220; header_2_font_size_phone=&#8220;20px&#8220; header_2_font_size_last_edited=&#8220;on|phone&#8220; global_colors_info=&#8220;{}&#8220;]<\/p>\n<h4>Genossenschaft Migros Aare, Bern<\/h4>\n<p>[\/et_pb_text][et_pb_text _builder_version=&#8220;4.27.0&#8243; _module_preset=&#8220;default&#8220; text_font_size_tablet=&#8220;&#8220; text_font_size_phone=&#8220;14px&#8220; text_font_size_last_edited=&#8220;on|phone&#8220; global_colors_info=&#8220;{}&#8220;]<\/p>\n<p>&#8222;&#8230;.viele erw\u00e4hnen immer noch von sich aus, dass das Telefontraining sehr wertvoll war und ihnen geholfen hat. Auch, dass sie sich trotz Standards der Unternehmung sich selber sein d\u00fcrfen, hat alle motiviert.&#8220;<\/p>\n<p>J\u00fcrg Rindlisbacher, Leiter M-Infoline<\/p>\n<p>[\/et_pb_text][\/et_pb_column][\/et_pb_row][et_pb_row custom_padding_last_edited=&#8220;on|phone&#8220; _builder_version=&#8220;4.27.0&#8243; _module_preset=&#8220;default&#8220; width_tablet=&#8220;&#8220; width_phone=&#8220;90%&#8220; width_last_edited=&#8220;on|phone&#8220; custom_padding_tablet=&#8220;&#8220; custom_padding_phone=&#8220;||0px||false|false&#8220; locked=&#8220;off&#8220; global_colors_info=&#8220;{}&#8220;][et_pb_column type=&#8220;4_4&#8243; _builder_version=&#8220;4.27.0&#8243; _module_preset=&#8220;default&#8220; global_colors_info=&#8220;{}&#8220;][et_pb_text _builder_version=&#8220;4.27.0&#8243; _module_preset=&#8220;default&#8220; header_font=&#8220;|700|||||||&#8220; header_text_color=&#8220;#3f6123&#8243; header_font_size=&#8220;36px&#8220; header_2_font=&#8220;|700|||||||&#8220; header_2_text_color=&#8220;#9ec943&#8243; header_2_font_size=&#8220;25px&#8220; header_4_text_color=&#8220;#5d5d5d&#8220; custom_margin=&#8220;||5px||false|false&#8220; header_font_size_tablet=&#8220;36px&#8220; header_font_size_phone=&#8220;30px&#8220; header_font_size_last_edited=&#8220;on|phone&#8220; header_2_font_size_tablet=&#8220;32px&#8220; header_2_font_size_phone=&#8220;20px&#8220; header_2_font_size_last_edited=&#8220;on|phone&#8220; global_colors_info=&#8220;{}&#8220;]<\/p>\n<h4><strong>OPO Oeschger AG, Kloten<\/strong><\/h4>\n<p>[\/et_pb_text][et_pb_text _builder_version=&#8220;4.27.0&#8243; _module_preset=&#8220;default&#8220; text_font_size_tablet=&#8220;&#8220; text_font_size_phone=&#8220;14px&#8220; text_font_size_last_edited=&#8220;on|phone&#8220; global_colors_info=&#8220;{}&#8220;]<\/p>\n<p>&#8222;Liebe Mariella, das Team Produktemanagement der Firma OPO Oeschger AG bedankt sich recht herzlich bei dir f\u00fcr diesen Anlass.Wir haben es sehr genossen. Die R\u00e4umlichkeiten waren ideal und inspirierend. Die Organisation drumherum war bestens und es hat uns an nichts gefehlt und der\u00a0 gemeinsamen Kochevent \u00aborientalische K\u00fcche in Ticino\u00bb war perfekt organisiert, so das sich einige von uns selber \u00fcbertreffen konnten.Wir k\u00f6nnen dich als Gastgeberin und das Haus \u00abCasa Cristina\u00bb bestens weiterempfehlen.&#8220;<\/p>\n<p>Hugo G\u00e4hwiler, Leiter Marketing<\/p>\n<p>[\/et_pb_text][\/et_pb_column][\/et_pb_row][et_pb_row custom_padding_last_edited=&#8220;on|phone&#8220; _builder_version=&#8220;4.27.0&#8243; _module_preset=&#8220;default&#8220; width_tablet=&#8220;&#8220; width_phone=&#8220;90%&#8220; width_last_edited=&#8220;on|phone&#8220; custom_padding_tablet=&#8220;&#8220; custom_padding_phone=&#8220;||0px||false|false&#8220; locked=&#8220;off&#8220; global_colors_info=&#8220;{}&#8220;][et_pb_column type=&#8220;4_4&#8243; _builder_version=&#8220;4.27.0&#8243; _module_preset=&#8220;default&#8220; global_colors_info=&#8220;{}&#8220;][et_pb_text _builder_version=&#8220;4.27.0&#8243; _module_preset=&#8220;default&#8220; header_font=&#8220;|700|||||||&#8220; header_text_color=&#8220;#3f6123&#8243; header_font_size=&#8220;36px&#8220; header_2_font=&#8220;|700|||||||&#8220; header_2_text_color=&#8220;#9ec943&#8243; header_2_font_size=&#8220;25px&#8220; header_4_text_color=&#8220;#5d5d5d&#8220; custom_margin=&#8220;||5px||false|false&#8220; header_font_size_tablet=&#8220;36px&#8220; header_font_size_phone=&#8220;30px&#8220; header_font_size_last_edited=&#8220;on|phone&#8220; header_2_font_size_tablet=&#8220;32px&#8220; header_2_font_size_phone=&#8220;20px&#8220; header_2_font_size_last_edited=&#8220;on|phone&#8220; global_colors_info=&#8220;{}&#8220;]<\/p>\n<h4><strong>Gilgen Door Systems AG<\/strong><\/h4>\n<p>[\/et_pb_text][et_pb_text _builder_version=&#8220;4.27.0&#8243; _module_preset=&#8220;default&#8220; text_font_size_tablet=&#8220;&#8220; text_font_size_phone=&#8220;14px&#8220; text_font_size_last_edited=&#8220;on|phone&#8220; global_colors_info=&#8220;{}&#8220;]<\/p>\n<p>\u201eIch und mein Team durften letzten Oktober zwei lehrreiche Tage in der Casa Cristina verbringen. Wir konnten zusammen mit unserer Kursleiterin Mariella zwei Tage lang die sch\u00f6ne und warme Atmosph\u00e4re dieser R\u00e4ume geniessen. Unvergessen f\u00fcr uns der Abend, an dem wir unter Anleitung von Mariella ein mehrg\u00e4ngiges Menu zubereiten konnten, das wir dann mit G\u00e4sten geniessen durften. Wir m\u00f6chten daf\u00fcr Mariella ein dickes Dankesch\u00f6n aussprechen und freuen uns schon jetzt auf\u2019s n\u00e4chste Mal.\u201c\u00a0<\/p>\n<p>Antonio Palumbo, Kundendienstleiter Region Zentralschweiz und Tessin<\/p>\n<p>[\/et_pb_text][\/et_pb_column][\/et_pb_row][et_pb_row custom_padding_last_edited=&#8220;on|phone&#8220; _builder_version=&#8220;4.27.0&#8243; _module_preset=&#8220;default&#8220; width_tablet=&#8220;&#8220; width_phone=&#8220;90%&#8220; width_last_edited=&#8220;on|phone&#8220; custom_padding_tablet=&#8220;&#8220; custom_padding_phone=&#8220;||0px||false|false&#8220; locked=&#8220;off&#8220; global_colors_info=&#8220;{}&#8220;][et_pb_column type=&#8220;4_4&#8243; _builder_version=&#8220;4.27.0&#8243; _module_preset=&#8220;default&#8220; global_colors_info=&#8220;{}&#8220;][et_pb_text _builder_version=&#8220;4.27.0&#8243; _module_preset=&#8220;default&#8220; header_font=&#8220;|700|||||||&#8220; header_text_color=&#8220;#3f6123&#8243; header_font_size=&#8220;36px&#8220; header_2_font=&#8220;|700|||||||&#8220; header_2_text_color=&#8220;#9ec943&#8243; header_2_font_size=&#8220;25px&#8220; header_4_text_color=&#8220;#5d5d5d&#8220; custom_margin=&#8220;||5px||false|false&#8220; header_font_size_tablet=&#8220;36px&#8220; header_font_size_phone=&#8220;30px&#8220; header_font_size_last_edited=&#8220;on|phone&#8220; header_2_font_size_tablet=&#8220;32px&#8220; header_2_font_size_phone=&#8220;20px&#8220; header_2_font_size_last_edited=&#8220;on|phone&#8220; global_colors_info=&#8220;{}&#8220;]<\/p>\n<h4><strong>Ringier, Zofingen<\/strong><\/h4>\n<p>[\/et_pb_text][et_pb_text _builder_version=&#8220;4.27.0&#8243; _module_preset=&#8220;default&#8220; text_font_size_tablet=&#8220;&#8220; text_font_size_phone=&#8220;14px&#8220; text_font_size_last_edited=&#8220;on|phone&#8220; global_colors_info=&#8220;{}&#8220;]<\/p>\n<p><span>\u201cPROFESSIONALMENTE OLISTICO<\/span><br \/><span>Verschiedene Medien, verschiedene Lernmethoden, parallel zur Sachwelt auch Emotionen einbinden und ganz einfach von einem riesigen Erfahrungsschatz profitieren. Die so erlebten Seminare und Beratungsleistungen von Frau De Matteis begeistern die Teilnehmer und sind eine ganzheitliche Bereicherung. Mich und mein Team haben die Begegnungen w\u00e4hrend allen Projektphasen (Beratung, Konzeption, Umsetzung, Controlling) immer einen kleinen, aber echten Schritt weiter gebracht. Ganz HERZLICHEN DANK und wir freuen uns auf eine ebenso erfolgreiche Fortsetzung des Projekts.\u201c\u00a0<\/span><\/p>\n<p><span>Roland K\u00fchne, Leiter Kundenkontakt-Center Ringier<\/span><\/p>\n<p>[\/et_pb_text][\/et_pb_column][\/et_pb_row][et_pb_row custom_padding_last_edited=&#8220;on|phone&#8220; _builder_version=&#8220;4.27.0&#8243; _module_preset=&#8220;default&#8220; width_tablet=&#8220;&#8220; width_phone=&#8220;90%&#8220; width_last_edited=&#8220;on|phone&#8220; custom_padding_tablet=&#8220;&#8220; custom_padding_phone=&#8220;||0px||false|false&#8220; locked=&#8220;off&#8220; global_colors_info=&#8220;{}&#8220;][et_pb_column type=&#8220;4_4&#8243; _builder_version=&#8220;4.27.0&#8243; _module_preset=&#8220;default&#8220; global_colors_info=&#8220;{}&#8220;][et_pb_text _builder_version=&#8220;4.27.0&#8243; _module_preset=&#8220;default&#8220; header_font=&#8220;|700|||||||&#8220; header_text_color=&#8220;#3f6123&#8243; header_font_size=&#8220;36px&#8220; header_2_font=&#8220;|700|||||||&#8220; header_2_text_color=&#8220;#9ec943&#8243; header_2_font_size=&#8220;25px&#8220; header_4_text_color=&#8220;#5d5d5d&#8220; custom_margin=&#8220;||5px||false|false&#8220; header_font_size_tablet=&#8220;36px&#8220; header_font_size_phone=&#8220;30px&#8220; header_font_size_last_edited=&#8220;on|phone&#8220; header_2_font_size_tablet=&#8220;32px&#8220; header_2_font_size_phone=&#8220;20px&#8220; header_2_font_size_last_edited=&#8220;on|phone&#8220; global_colors_info=&#8220;{}&#8220;]<\/p>\n<h4><strong>die rodtegg, fondazione per persone con disabilit\u00e0 fisiche<\/strong><\/h4>\n<p>[\/et_pb_text][et_pb_text _builder_version=&#8220;4.27.0&#8243; _module_preset=&#8220;default&#8220; text_font_size_tablet=&#8220;&#8220; text_font_size_phone=&#8220;14px&#8220; text_font_size_last_edited=&#8220;on|phone&#8220; global_colors_info=&#8220;{}&#8220;]<\/p>\n<p>\u201eAn zwei abwechslungsreichen Halbtagen befassten sich die Mitarbeitenden des Empfangs an der Weiterbildung \u201eTelefontraining\u201c mit den Themen: Nachfragen, Telefonnotiz und Umgang in Stresssituationen. Frau De Matteis ging auf die individuellen\u00a0 Bed\u00fcrfnisse und den sehr individuellen Fragestellungen der Mitarbeitenden am Empfang, welche im Rollstuhl sind, sehr gut und kompetent ein. Ihre motivierende, aufgestellte und positive Art trug sehr viel zum guten Gelingen der Weiterbildung bei. Nun gilt es das Gelernte umzusetzen.\u201c\u00a0<\/p>\n<p>Brigitte Geu, Assistentin der Direktion und Gesch\u00e4ftsleitung<\/p>\n<p>[\/et_pb_text][\/et_pb_column][\/et_pb_row][et_pb_row custom_padding_last_edited=&#8220;on|phone&#8220; _builder_version=&#8220;4.27.0&#8243; _module_preset=&#8220;default&#8220; width_tablet=&#8220;&#8220; width_phone=&#8220;90%&#8220; width_last_edited=&#8220;on|phone&#8220; custom_padding_tablet=&#8220;&#8220; custom_padding_phone=&#8220;||0px||false|false&#8220; locked=&#8220;off&#8220; global_colors_info=&#8220;{}&#8220;][et_pb_column type=&#8220;4_4&#8243; _builder_version=&#8220;4.27.0&#8243; _module_preset=&#8220;default&#8220; global_colors_info=&#8220;{}&#8220;][et_pb_text _builder_version=&#8220;4.27.0&#8243; _module_preset=&#8220;default&#8220; header_font=&#8220;|700|||||||&#8220; header_text_color=&#8220;#3f6123&#8243; header_font_size=&#8220;36px&#8220; header_2_font=&#8220;|700|||||||&#8220; header_2_text_color=&#8220;#9ec943&#8243; header_2_font_size=&#8220;25px&#8220; header_4_text_color=&#8220;#5d5d5d&#8220; custom_margin=&#8220;||5px||false|false&#8220; header_font_size_tablet=&#8220;36px&#8220; header_font_size_phone=&#8220;30px&#8220; header_font_size_last_edited=&#8220;on|phone&#8220; header_2_font_size_tablet=&#8220;32px&#8220; header_2_font_size_phone=&#8220;20px&#8220; header_2_font_size_last_edited=&#8220;on|phone&#8220; global_colors_info=&#8220;{}&#8220;]<\/p>\n<h4><strong>Z\u00fcrich Versicherung, Opfikon<\/strong><\/h4>\n<p>[\/et_pb_text][et_pb_text _builder_version=&#8220;4.27.0&#8243; _module_preset=&#8220;default&#8220; text_font_size_tablet=&#8220;&#8220; text_font_size_phone=&#8220;14px&#8220; text_font_size_last_edited=&#8220;on|phone&#8220; global_colors_info=&#8220;{}&#8220;]<\/p>\n<p>\u201eFrau De Matteis hat es sehr gut verstanden, mit einfachen Worten die richtigen Themen verst\u00e4ndlich und praktisch aufzuzeigen. Die am Anfang eher skeptischen Teilnehmer sind im Verlauf des Nachmittags richtig aufgebl\u00fcht und haben erfreulich aktiv mitgemacht. Die Verbindung von Schulung und Praxis war sehr gut. Zudem ist Frau De Matteis eine absolute Fachfrau und weiss wovon sie spricht. Mit ihrer fachlichen Kompetenz und ihrer offenen und herzlichen Art hat sie das Wissen sehr gut vermitteln k\u00f6nnen und alle Teilnehmer hervorragend eingebunden.\u201c\u00a0<\/p>\n<p>Fortunat Schuler, Generalagent<\/p>\n<p>[\/et_pb_text][\/et_pb_column][\/et_pb_row][et_pb_row custom_padding_last_edited=&#8220;on|phone&#8220; _builder_version=&#8220;4.27.0&#8243; _module_preset=&#8220;default&#8220; width_tablet=&#8220;&#8220; width_phone=&#8220;90%&#8220; width_last_edited=&#8220;on|phone&#8220; custom_padding_tablet=&#8220;&#8220; custom_padding_phone=&#8220;||0px||false|false&#8220; locked=&#8220;off&#8220; global_colors_info=&#8220;{}&#8220;][et_pb_column type=&#8220;4_4&#8243; _builder_version=&#8220;4.27.0&#8243; _module_preset=&#8220;default&#8220; global_colors_info=&#8220;{}&#8220;][et_pb_text _builder_version=&#8220;4.27.0&#8243; _module_preset=&#8220;default&#8220; header_font=&#8220;|700|||||||&#8220; header_text_color=&#8220;#3f6123&#8243; header_font_size=&#8220;36px&#8220; header_2_font=&#8220;|700|||||||&#8220; header_2_text_color=&#8220;#9ec943&#8243; header_2_font_size=&#8220;25px&#8220; header_4_text_color=&#8220;#5d5d5d&#8220; custom_margin=&#8220;||5px||false|false&#8220; header_font_size_tablet=&#8220;36px&#8220; header_font_size_phone=&#8220;30px&#8220; header_font_size_last_edited=&#8220;on|phone&#8220; header_2_font_size_tablet=&#8220;32px&#8220; header_2_font_size_phone=&#8220;20px&#8220; header_2_font_size_last_edited=&#8220;on|phone&#8220; global_colors_info=&#8220;{}&#8220;]<\/p>\n<h4><strong>Rega, Swiss. Soccorso aereo svizzero, aeroporto di Zurigo<\/strong><\/h4>\n<p>[\/et_pb_text][et_pb_text _builder_version=&#8220;4.27.0&#8243; _module_preset=&#8220;default&#8220; text_font_size_tablet=&#8220;&#8220; text_font_size_phone=&#8220;14px&#8220; text_font_size_last_edited=&#8220;on|phone&#8220; global_colors_info=&#8220;{}&#8220;]<\/p>\n<p>\u201eAnl\u00e4sslich eines Workshops f\u00fcr die MitarbeiterInnen des G\u00f6nner-Centers der Rega \u2013 Schweiz. Rettungsflugwacht hatten wir uns zum Ziel gesetzt, die Instrumente f\u00fcr einen erfolgreichen Teamauftritt gegen\u00fcber unseren G\u00f6nnern vertiefter kennen zu lernen und auch anzuwenden. Diese Zielsetzung war mit dem Anspruch begleitet, \u00fcber unsere Zusammenarbeit zu reflektieren und anhand klarer, abgemachter Spielregeln unser zuk\u00fcnftiges Wirken zu festigen. Frau de Matteis ist es mit sehr viel Einf\u00fchlungsverm\u00f6gen und praktischer Erfahrung gelungen, die kommunikativen Elemente mit den Teamanliegen zu verkn\u00fcpfen. Ein guter Mix aus Theorie, Austausch aus der Praxis und spielerischen Elementen liessen den Workshop zu einem nachhaltigen Erlebnis werden. Dank einer vorg\u00e4ngig seri\u00f6sen Abkl\u00e4rung der Themeninhalte \u2013 mit Einbezug der Teamanliegen \u2013 durch Frau de Matteis sind wir heute noch begeistert, uns immer wieder auf die Gespr\u00e4chsf\u00fchrung zu sensibilisieren und neue Elemente in der Kommunikation anzuwenden.\u201c\u00a0<\/p>\n<p>Ren\u00e9 Fritschi, Leiter G\u00f6nner-Center<\/p>\n<p>[\/et_pb_text][\/et_pb_column][\/et_pb_row][et_pb_row custom_padding_last_edited=&#8220;on|phone&#8220; _builder_version=&#8220;4.27.0&#8243; _module_preset=&#8220;default&#8220; width_tablet=&#8220;&#8220; width_phone=&#8220;90%&#8220; width_last_edited=&#8220;on|phone&#8220; custom_padding_tablet=&#8220;&#8220; custom_padding_phone=&#8220;||0px||false|false&#8220; locked=&#8220;off&#8220; global_colors_info=&#8220;{}&#8220;][et_pb_column type=&#8220;4_4&#8243; _builder_version=&#8220;4.27.0&#8243; _module_preset=&#8220;default&#8220; global_colors_info=&#8220;{}&#8220;][et_pb_text _builder_version=&#8220;4.27.0&#8243; _module_preset=&#8220;default&#8220; header_font=&#8220;|700|||||||&#8220; header_text_color=&#8220;#3f6123&#8243; header_font_size=&#8220;36px&#8220; header_2_font=&#8220;|700|||||||&#8220; header_2_text_color=&#8220;#9ec943&#8243; header_2_font_size=&#8220;25px&#8220; header_4_text_color=&#8220;#5d5d5d&#8220; custom_margin=&#8220;||5px||false|false&#8220; header_font_size_tablet=&#8220;36px&#8220; header_font_size_phone=&#8220;30px&#8220; header_font_size_last_edited=&#8220;on|phone&#8220; header_2_font_size_tablet=&#8220;32px&#8220; header_2_font_size_phone=&#8220;20px&#8220; header_2_font_size_last_edited=&#8220;on|phone&#8220; global_colors_info=&#8220;{}&#8220;]<\/p>\n<h4><strong>Joma Trading AG, Aadorf<\/strong><\/h4>\n<p>[\/et_pb_text][et_pb_text _builder_version=&#8220;4.27.0&#8243; _module_preset=&#8220;default&#8220; text_font_size_tablet=&#8220;&#8220; text_font_size_phone=&#8220;14px&#8220; text_font_size_last_edited=&#8220;on|phone&#8220; global_colors_info=&#8220;{}&#8220;]<\/p>\n<p>\u201eVielen Dank und herzliche Gratulation f\u00fcr das lebhafte Training von heute Morgen. Ihre quirlige und kompetente Art hat mich regelrecht gefesselt\u2026\u201c\u00a0<\/p>\n<p>Harald Leutert, Berater<\/p>\n<p>[\/et_pb_text][\/et_pb_column][\/et_pb_row][et_pb_row custom_padding_last_edited=&#8220;on|phone&#8220; _builder_version=&#8220;4.27.0&#8243; _module_preset=&#8220;default&#8220; width_tablet=&#8220;&#8220; width_phone=&#8220;90%&#8220; width_last_edited=&#8220;on|phone&#8220; custom_padding_tablet=&#8220;&#8220; custom_padding_phone=&#8220;||0px||false|false&#8220; locked=&#8220;off&#8220; global_colors_info=&#8220;{}&#8220;][et_pb_column type=&#8220;4_4&#8243; _builder_version=&#8220;4.27.0&#8243; _module_preset=&#8220;default&#8220; global_colors_info=&#8220;{}&#8220;][et_pb_text _builder_version=&#8220;4.27.0&#8243; _module_preset=&#8220;default&#8220; header_font=&#8220;|700|||||||&#8220; header_text_color=&#8220;#3f6123&#8243; header_font_size=&#8220;36px&#8220; header_2_font=&#8220;|700|||||||&#8220; header_2_text_color=&#8220;#9ec943&#8243; header_2_font_size=&#8220;25px&#8220; header_4_text_color=&#8220;#5d5d5d&#8220; custom_margin=&#8220;||5px||false|false&#8220; header_font_size_tablet=&#8220;36px&#8220; header_font_size_phone=&#8220;30px&#8220; header_font_size_last_edited=&#8220;on|phone&#8220; header_2_font_size_tablet=&#8220;32px&#8220; header_2_font_size_phone=&#8220;20px&#8220; header_2_font_size_last_edited=&#8220;on|phone&#8220; global_colors_info=&#8220;{}&#8220;]<\/p>\n<h4><strong>Basellandschaftliche Pensionskasse BLPK, Liestal<\/strong><\/h4>\n<p>[\/et_pb_text][et_pb_text _builder_version=&#8220;4.27.0&#8243; _module_preset=&#8220;default&#8220; text_font_size_tablet=&#8220;&#8220; text_font_size_phone=&#8220;14px&#8220; text_font_size_last_edited=&#8220;on|phone&#8220; global_colors_info=&#8220;{}&#8220;]<\/p>\n<p>\u201e..ich bin \u00fcberzeugt, dass das Training mit Ihnen positives bewirkt hat, was mir auch die Mitarbeiterinnen an der Zentrale best\u00e4tigen. Viele haben doch gemerkt, um was es eigentlich geht und ihre Einstellung zum \u201al\u00e4stigen Telefon\/ieren\u2019 ge\u00e4ndert!\u201c\u00a0<\/p>\n<p>Christine Strittmatter, Leitung Personal und Administration<\/p>\n<p>[\/et_pb_text][\/et_pb_column][\/et_pb_row][et_pb_row custom_padding_last_edited=&#8220;on|phone&#8220; _builder_version=&#8220;4.27.0&#8243; _module_preset=&#8220;default&#8220; width_tablet=&#8220;&#8220; width_phone=&#8220;90%&#8220; width_last_edited=&#8220;on|phone&#8220; custom_padding_tablet=&#8220;&#8220; custom_padding_phone=&#8220;||0px||false|false&#8220; locked=&#8220;off&#8220; global_colors_info=&#8220;{}&#8220;][et_pb_column type=&#8220;4_4&#8243; _builder_version=&#8220;4.27.0&#8243; _module_preset=&#8220;default&#8220; global_colors_info=&#8220;{}&#8220;][et_pb_text _builder_version=&#8220;4.27.0&#8243; _module_preset=&#8220;default&#8220; header_font=&#8220;|700|||||||&#8220; header_text_color=&#8220;#3f6123&#8243; header_font_size=&#8220;36px&#8220; header_2_font=&#8220;|700|||||||&#8220; header_2_text_color=&#8220;#9ec943&#8243; header_2_font_size=&#8220;25px&#8220; header_4_text_color=&#8220;#5d5d5d&#8220; custom_margin=&#8220;||5px||false|false&#8220; header_font_size_tablet=&#8220;36px&#8220; header_font_size_phone=&#8220;30px&#8220; header_font_size_last_edited=&#8220;on|phone&#8220; header_2_font_size_tablet=&#8220;32px&#8220; header_2_font_size_phone=&#8220;20px&#8220; header_2_font_size_last_edited=&#8220;on|phone&#8220; global_colors_info=&#8220;{}&#8220;]<\/p>\n<h4><strong>RBC Gruppe Meilen<\/strong><\/h4>\n<p>[\/et_pb_text][et_pb_text _builder_version=&#8220;4.27.0&#8243; _module_preset=&#8220;default&#8220; text_font_size_tablet=&#8220;&#8220; text_font_size_phone=&#8220;14px&#8220; text_font_size_last_edited=&#8220;on|phone&#8220; global_colors_info=&#8220;{}&#8220;]<\/p>\n<p><span>\u201cLa signora De Matteis ha la capacit\u00e0 di ispirare e motivare i partecipanti ai suoi seminari per un argomento. I suoi seminari sono caratterizzati da una piacevole moderazione, dalla variet\u00e0 degli argomenti e dai compiti mirati.<\/span><br \/><span>Das Wechselspiel zwischen theoretischem Stoff und interaktivem Lernprozess der TeilnehmerInnen gelingt ihr damit sehr gut.\u201c\u00a0<\/span><\/p>\n<p><span>Dr. Christian Huldi, Gesch\u00e4ftsf\u00fchrer RBC Consulting AG<\/span><\/p>\n<p>[\/et_pb_text][\/et_pb_column][\/et_pb_row][et_pb_row custom_padding_last_edited=&#8220;on|phone&#8220; _builder_version=&#8220;4.27.0&#8243; _module_preset=&#8220;default&#8220; width_tablet=&#8220;&#8220; width_phone=&#8220;90%&#8220; width_last_edited=&#8220;on|phone&#8220; custom_padding_tablet=&#8220;&#8220; custom_padding_phone=&#8220;||0px||false|false&#8220; locked=&#8220;off&#8220; global_colors_info=&#8220;{}&#8220;][et_pb_column type=&#8220;4_4&#8243; _builder_version=&#8220;4.27.0&#8243; _module_preset=&#8220;default&#8220; global_colors_info=&#8220;{}&#8220;][et_pb_text _builder_version=&#8220;4.27.0&#8243; _module_preset=&#8220;default&#8220; header_font=&#8220;|700|||||||&#8220; header_text_color=&#8220;#3f6123&#8243; header_font_size=&#8220;36px&#8220; header_2_font=&#8220;|700|||||||&#8220; header_2_text_color=&#8220;#9ec943&#8243; header_2_font_size=&#8220;25px&#8220; header_4_text_color=&#8220;#5d5d5d&#8220; custom_margin=&#8220;||5px||false|false&#8220; header_font_size_tablet=&#8220;36px&#8220; header_font_size_phone=&#8220;30px&#8220; header_font_size_last_edited=&#8220;on|phone&#8220; header_2_font_size_tablet=&#8220;32px&#8220; header_2_font_size_phone=&#8220;20px&#8220; header_2_font_size_last_edited=&#8220;on|phone&#8220; global_colors_info=&#8220;{}&#8220;]<\/p>\n<h4><strong>SBB Cargo, Fribourg<\/strong><\/h4>\n<p>[\/et_pb_text][et_pb_text _builder_version=&#8220;4.27.0&#8243; _module_preset=&#8220;default&#8220; text_font_size_tablet=&#8220;&#8220; text_font_size_phone=&#8220;14px&#8220; text_font_size_last_edited=&#8220;on|phone&#8220; global_colors_info=&#8220;{}&#8220;]<\/p>\n<p>\u201eSie haben uns ermuntert, mutiger, direkter und nat\u00fcrlicher mit unseren Kunden zu sprechen. Wir wurden auf unsere Unsicherheiten sensibilisiert und Sie haben uns M\u00f6glichkeiten gegeben, mit diesen umzugehen und sie sogar zu eliminieren. Sie haben Ihre Energie auf uns \u00fcbertragen, uns aufgemuntert und uns das Gespr\u00e4ch mit dem Kunden schmackhaft gemacht! Sie verstehen es, uns die Unsicherheiten aufzuzeigen, aber auch unsere F\u00e4higkeiten zu loben, damit wir diese beim Kunden nutzbar anwenden k\u00f6nnen. Herzlichen Dank daf\u00fcr.\u201c\u00a0<\/p>\n<p>Christine K\u00fchni, CallAgent<\/p>\n<p>[\/et_pb_text][\/et_pb_column][\/et_pb_row][et_pb_row custom_padding_last_edited=&#8220;on|phone&#8220; _builder_version=&#8220;4.27.0&#8243; _module_preset=&#8220;default&#8220; width_tablet=&#8220;&#8220; width_phone=&#8220;90%&#8220; width_last_edited=&#8220;on|phone&#8220; custom_padding_tablet=&#8220;&#8220; custom_padding_phone=&#8220;||0px||false|false&#8220; locked=&#8220;off&#8220; global_colors_info=&#8220;{}&#8220;][et_pb_column type=&#8220;4_4&#8243; _builder_version=&#8220;4.27.0&#8243; _module_preset=&#8220;default&#8220; global_colors_info=&#8220;{}&#8220;][et_pb_text _builder_version=&#8220;4.27.0&#8243; _module_preset=&#8220;default&#8220; text_font_size_tablet=&#8220;&#8220; text_font_size_phone=&#8220;14px&#8220; text_font_size_last_edited=&#8220;on|phone&#8220; global_colors_info=&#8220;{}&#8220;]<\/p>\n<p>\u201c.... Eccezionale, metodicamente e didatticamente eccellente formazione sulla comunicazione, coaching empatico - posso raccomandare vivamente la signora Mariella De Matteis.....\u201d Markus Knecht, presidente del consiglio di amministrazione di Panorama, assicurazione malattia e infortuni<\/p>\n<p>[\/et_pb_text][\/et_pb_column][\/et_pb_row][et_pb_row custom_padding_last_edited=&#8220;on|phone&#8220; _builder_version=&#8220;4.27.0&#8243; _module_preset=&#8220;default&#8220; width_tablet=&#8220;&#8220; width_phone=&#8220;90%&#8220; width_last_edited=&#8220;on|phone&#8220; custom_padding_tablet=&#8220;&#8220; custom_padding_phone=&#8220;||0px||false|false&#8220; locked=&#8220;off&#8220; global_colors_info=&#8220;{}&#8220;][et_pb_column type=&#8220;4_4&#8243; _builder_version=&#8220;4.27.0&#8243; _module_preset=&#8220;default&#8220; global_colors_info=&#8220;{}&#8220;][et_pb_text _builder_version=&#8220;4.27.0&#8243; _module_preset=&#8220;default&#8220; header_font=&#8220;|700|||||||&#8220; header_text_color=&#8220;#3f6123&#8243; header_font_size=&#8220;36px&#8220; header_2_font=&#8220;|700|||||||&#8220; header_2_text_color=&#8220;#9ec943&#8243; header_2_font_size=&#8220;25px&#8220; header_4_text_color=&#8220;#5d5d5d&#8220; custom_margin=&#8220;||5px||false|false&#8220; header_font_size_tablet=&#8220;36px&#8220; header_font_size_phone=&#8220;30px&#8220; header_font_size_last_edited=&#8220;on|phone&#8220; header_2_font_size_tablet=&#8220;32px&#8220; header_2_font_size_phone=&#8220;20px&#8220; header_2_font_size_last_edited=&#8220;on|phone&#8220; global_colors_info=&#8220;{}&#8220;]<\/p>\n<h4><strong>Die Post, Postfinance Biel<\/strong><\/h4>\n<p>[\/et_pb_text][et_pb_text _builder_version=&#8220;4.27.0&#8243; _module_preset=&#8220;default&#8220; text_font_size_tablet=&#8220;&#8220; text_font_size_phone=&#8220;14px&#8220; text_font_size_last_edited=&#8220;on|phone&#8220; global_colors_info=&#8220;{}&#8220;]<\/p>\n<p>\u201eFrau Mariella De Matteis hat uns das notwendige R\u00fcstzeug geliefert, damit wir erfolgreich starten konnten! Sie verstand es, in einfacher und pr\u00e4gnanter Weise uns die Komplexit\u00e4t des Systemes zu erl\u00e4utern. Zudem gab sie den Agentinnen und Agenten die gew\u00fcnschte Sicherheit im Umgang mit unserer Kundschaft.\u201c\u00a0<\/p>\n<p>Thomas L\u00fcthi, Leiter Direktmarketingcenter DMC<\/p>\n<p>[\/et_pb_text][\/et_pb_column][\/et_pb_row][et_pb_row custom_padding_last_edited=&#8220;on|phone&#8220; _builder_version=&#8220;4.27.0&#8243; _module_preset=&#8220;default&#8220; width_tablet=&#8220;&#8220; width_phone=&#8220;90%&#8220; width_last_edited=&#8220;on|phone&#8220; custom_padding_tablet=&#8220;&#8220; custom_padding_phone=&#8220;||0px||false|false&#8220; locked=&#8220;off&#8220; global_colors_info=&#8220;{}&#8220;][et_pb_column type=&#8220;4_4&#8243; _builder_version=&#8220;4.27.0&#8243; _module_preset=&#8220;default&#8220; global_colors_info=&#8220;{}&#8220;][et_pb_text _builder_version=&#8220;4.27.0&#8243; _module_preset=&#8220;default&#8220; header_font=&#8220;|700|||||||&#8220; header_text_color=&#8220;#3f6123&#8243; header_font_size=&#8220;36px&#8220; header_2_font=&#8220;|700|||||||&#8220; header_2_text_color=&#8220;#9ec943&#8243; header_2_font_size=&#8220;25px&#8220; header_4_text_color=&#8220;#5d5d5d&#8220; custom_margin=&#8220;||5px||false|false&#8220; header_font_size_tablet=&#8220;36px&#8220; header_font_size_phone=&#8220;30px&#8220; header_font_size_last_edited=&#8220;on|phone&#8220; header_2_font_size_tablet=&#8220;32px&#8220; header_2_font_size_phone=&#8220;20px&#8220; header_2_font_size_last_edited=&#8220;on|phone&#8220; global_colors_info=&#8220;{}&#8220;]<\/p>\n<h4><strong>Commissione distrettuale delle biblioteche comunitarie e scolastiche del distretto di Dielsdorf<\/strong><\/h4>\n<p>[\/et_pb_text][et_pb_text _builder_version=&#8220;4.27.0&#8243; _module_preset=&#8220;default&#8220; text_font_size_tablet=&#8220;&#8220; text_font_size_phone=&#8220;14px&#8220; text_font_size_last_edited=&#8220;on|phone&#8220; global_colors_info=&#8220;{}&#8220;]<\/p>\n<p><span>\u201cAbbiamo vissuto una giornata di seminario varia e interessante con il tema \u201cda visitatore casuale a ospite selezionato\u201d. Non solo i contenuti sono stati ben accolti dai partecipanti, ma la signora De Matteis ci ha anche colpito per la sua vivacit\u00e0 e il suo carisma positivo.<\/span><br \/><span>Der Wechsel zwischen der Theorie und den praktischen \u00dcbungen ist ihr sehr gut gelungen. Ausgezeichnet hat sie sich durch den geschickten Umgang mit den Seminarteilnehmerinnen, indem sie die Frauen gefordert hat ohne zuviel Druck aufzusetzen. Wir empfehlen Frau De Matteis gerne weiter.\u201c\u00a0<\/span><\/p>\n<p><span>Renata Ruf<\/span><\/p>\n<p>[\/et_pb_text][\/et_pb_column][\/et_pb_row][et_pb_row custom_padding_last_edited=&#8220;on|phone&#8220; _builder_version=&#8220;4.27.0&#8243; _module_preset=&#8220;default&#8220; width_tablet=&#8220;&#8220; width_phone=&#8220;90%&#8220; width_last_edited=&#8220;on|phone&#8220; custom_padding_tablet=&#8220;&#8220; custom_padding_phone=&#8220;||0px||false|false&#8220; locked=&#8220;off&#8220; global_colors_info=&#8220;{}&#8220;][et_pb_column type=&#8220;4_4&#8243; _builder_version=&#8220;4.27.0&#8243; _module_preset=&#8220;default&#8220; global_colors_info=&#8220;{}&#8220;][et_pb_text _builder_version=&#8220;4.27.0&#8243; _module_preset=&#8220;default&#8220; header_font=&#8220;|700|||||||&#8220; header_text_color=&#8220;#3f6123&#8243; header_font_size=&#8220;36px&#8220; header_2_font=&#8220;|700|||||||&#8220; header_2_text_color=&#8220;#9ec943&#8243; header_2_font_size=&#8220;25px&#8220; header_4_text_color=&#8220;#5d5d5d&#8220; custom_margin=&#8220;||5px||false|false&#8220; header_font_size_tablet=&#8220;36px&#8220; header_font_size_phone=&#8220;30px&#8220; header_font_size_last_edited=&#8220;on|phone&#8220; header_2_font_size_tablet=&#8220;32px&#8220; header_2_font_size_phone=&#8220;20px&#8220; header_2_font_size_last_edited=&#8220;on|phone&#8220; global_colors_info=&#8220;{}&#8220;]<\/p>\n<h4><strong>4C business campaigning GmbH<\/strong><\/h4>\n<p>[\/et_pb_text][et_pb_text _builder_version=&#8220;4.27.0&#8243; _module_preset=&#8220;default&#8220; text_font_size_tablet=&#8220;&#8220; text_font_size_phone=&#8220;14px&#8220; text_font_size_last_edited=&#8220;on|phone&#8220; global_colors_info=&#8220;{}&#8220;]<\/p>\n<p>\u201eDer Kurs \u201eAkquisition am Telefon f\u00fcr Kleinunternehmer\u201c bei der EB Z\u00fcrich hat definitiv das geboten, was ich erwartet habe. Die erworbenen Kenntnisse setzen wir als Team seither in unserer t\u00e4glichen Arbeit erfolgreich um. Mariella De Matteis hat es verstanden, das Wesentliche zu vermitteln \u2013 einleuchtend und unterhaltend. Vielen Dank f\u00fcr den lehrreichen und spannenden Tag!\u201c\u00a0<\/p>\n<p>Harald Burgener, Managing Director 4C business campaigning GmbH<\/p>\n<p>[\/et_pb_text][\/et_pb_column][\/et_pb_row][\/et_pb_section][et_pb_section fb_built=&#8220;1&#8243; module_id=&#8220;referenzen&#8220; _builder_version=&#8220;4.27.0&#8243; _module_preset=&#8220;default&#8220; locked=&#8220;off&#8220; global_colors_info=&#8220;{}&#8220;][et_pb_row custom_padding_last_edited=&#8220;on|phone&#8220; _builder_version=&#8220;4.27.0&#8243; _module_preset=&#8220;default&#8220; width_tablet=&#8220;&#8220; width_phone=&#8220;90%&#8220; width_last_edited=&#8220;on|phone&#8220; custom_padding_tablet=&#8220;&#8220; custom_padding_phone=&#8220;0px||0px||false|false&#8220; global_colors_info=&#8220;{}&#8220;][et_pb_column type=&#8220;4_4&#8243; _builder_version=&#8220;4.27.0&#8243; _module_preset=&#8220;default&#8220; global_colors_info=&#8220;{}&#8220;][et_pb_text _builder_version=&#8220;4.27.0&#8243; _module_preset=&#8220;default&#8220; header_font=&#8220;|700|||||||&#8220; header_text_color=&#8220;#3f6123&#8243; header_font_size=&#8220;36px&#8220; custom_margin=&#8220;||5px||false|false&#8220; header_font_size_tablet=&#8220;36px&#8220; header_font_size_phone=&#8220;30px&#8220; header_font_size_last_edited=&#8220;on|phone&#8220; global_colors_info=&#8220;{}&#8220;]<\/p>\n<h1>Referenze<\/h1>\n<p>[\/et_pb_text][et_pb_divider divider_weight=&#8220;8px&#8220; divider_weight_tablet=&#8220;8px&#8220; divider_weight_phone=&#8220;5px&#8220; divider_weight_last_edited=&#8220;on|phone&#8220; _builder_version=&#8220;4.27.0&#8243; _module_preset=&#8220;default&#8220; width=&#8220;7%&#8220; width_tablet=&#8220;7%&#8220; width_phone=&#8220;17%&#8220; width_last_edited=&#8220;on|phone&#8220; custom_margin=&#8220;||5px||false|false&#8220; global_colors_info=&#8220;{}&#8220;][\/et_pb_divider][\/et_pb_column][\/et_pb_row][et_pb_row column_structure=&#8220;1_2,1_2&#8243; custom_padding_last_edited=&#8220;on|phone&#8220; disabled_on=&#8220;off|off|off&#8220; _builder_version=&#8220;4.27.4&#8243; _module_preset=&#8220;default&#8220; width_tablet=&#8220;&#8220; width_phone=&#8220;90%&#8220; width_last_edited=&#8220;on|phone&#8220; custom_padding_tablet=&#8220;&#8220; custom_padding_phone=&#8220;||0px||false|false&#8220; locked=&#8220;off&#8220; global_colors_info=&#8220;{}&#8220;][et_pb_column type=&#8220;1_2&#8243; _builder_version=&#8220;4.27.0&#8243; _module_preset=&#8220;default&#8220; global_colors_info=&#8220;{}&#8220;][et_pb_text _builder_version=&#8220;4.27.0&#8243; _module_preset=&#8220;default&#8220; text_font_size_tablet=&#8220;&#8220; text_font_size_phone=&#8220;14px&#8220; text_font_size_last_edited=&#8220;on|phone&#8220; global_colors_info=&#8220;{}&#8220;]<\/p>\n<p><strong>\u00a0<\/strong><strong>Banche<\/strong><br \/>Raiffeisen direct, St. Gallen<br \/>GE Moneybank AG, Z\u00fcrich<br \/>DZ Privatbank, Z\u00fcrich<br \/>Swisscard AECS, Horgen<br \/>Bank Julius B\u00e4r, Z\u00fcrich\/ Lugano<\/p>\n<p><strong>Assicurazioni<\/strong><br \/>Swiss Re, Z\u00fcrich<br \/>Z\u00fcrich Versicherung, Z\u00fcrich<br \/>Vaudoise SA, Lausanne<br \/>Mobiliar Versicherungen<br \/>\u00d6KK Surselva, Illanz<br \/>Sanitas, Z\u00fcrich<br \/>BLPK, Basel<\/p>\n<div><strong>Editoria, media<\/strong><br \/>Ringier AG, Zofingen<br \/>Axel Springer AG<br \/>Literatur Moths, M\u00fcnchen<br \/>NZZ, Schlieren<br \/>Schulthess Buchhandlung, Z\u00fcrich<br \/>Kunstmuseum Basel Museumsshop<\/div>\n<div>Careum Verlag, Z\u00fcrich<\/div>\n<div>\u00a0<\/div>\n<p><strong>Telecommunicazione<\/strong><br \/>Swisscom, Bern<br \/>SAG, Oftringen<br \/>Teleperformance AG, Br\u00fctisellen<br \/>ASC, Rotkreuz<br \/>Phone Marketing SA, Fribourg<br \/>Transcom World Wide, Z\u00fcrich<br \/>smartconcept AG, Uster<br \/>RBC Solutions AG, Meilen<br \/>callexpert GmbH, Glattbrugg<br \/>ProfiOffice, Wohlen<\/p>\n<p><strong>Istruzione<\/strong><br \/>Stiftung BWI \/ Management Weiterbildung, Z\u00fcrich<br \/>MCS, Management Consulting und Schulung AG, Lenzburg<br \/>IFA knowledge company, Z\u00fcrich<br \/>F+F Schule f\u00fcr Kunst- und Mediendesign, Z\u00fcrich<br \/>Academia Engiadina, Sameda<br \/>EB Z\u00fcrich<br \/>Klubschule Migros Business, Z\u00fcrich<br \/>Santis Training AG, Z\u00fcrich<br \/>SFW, Forum f\u00fcr Weiterbildung, Solothurn<\/p>\n<p>&nbsp;<\/p>\n<div><strong>Turismo, ospitalit\u00e0, trasporti<\/strong><br \/>Swiss Travel Center STC, Z\u00fcrich<br \/>BLS L\u00f6tschbergbahn AG, Bern<br \/>British Airways, Z\u00fcrich<br \/>SBB Cargo, Fribourg<br \/>sph\u00e8res buch bar b\u00fchne, Z\u00fcrich<br \/>CTS, Biel<br \/>Golf Engadin, St. Moritz<br \/>Peyer Transport, Bern<br \/>Gastro Z\u00fcrich<\/div>\n<div>VBZ, Z\u00fcrich<\/div>\n<div><\/div>\n<div><\/div>\n<div><\/div>\n<div><\/div>\n<div><\/div>\n<div>\n<p><strong><\/strong><\/p>\n<p><strong><\/strong><strong>NPO<\/strong><br \/>Stiftung Lebensfreude, Frauenfeld<br \/>WWF Schweiz, Z\u00fcrich<br \/>REGA, Z\u00fcrich<br \/>Schweiz. Rotes Kreuz, Bern<br \/>\u00d6kozentrum Langenbruck<br \/>Stiftung Rodtegg, Luzern<br \/>SNH, Horgen<\/p>\n<p><strong>Settore automobilistico<\/strong><br \/>Renault Suisse, SA\u00a0\u00a0\u00a0\u00a0\u00a0\u00a0\u00a0\u00a0\u00a0\u00a0\u00a0\u00a0\u00a0\u00a0\u00a0\u00a0\u00a0\u00a0\u00a0\u00a0\u00a0\u00a0\u00a0\u00a0\u00a0\u00a0\u00a0\u00a0\u00a0\u00a0\u00a0\u00a0\u00a0\u00a0\u00a0\u00a0\u00a0\u00a0\u00a0\u00a0\u00a0\u00a0\u00a0\u00a0\u00a0\u00a0\u00a0\u00a0\u00a0\u00a0\u00a0\u00a0\u00a0\u00a0\u00a0\u00a0\u00a0\u00a0\u00a0\u00a0\u00a0\u00a0\u00a0\u00a0\u00a0\u00a0\u00a0\u00a0\u00a0\u00a0\u00a0\u00a0\u00a0\u00a0\u00a0 Castrol, Z\u00fcrich\u00a0\u00a0\u00a0\u00a0\u00a0\u00a0\u00a0\u00a0\u00a0\u00a0\u00a0\u00a0\u00a0\u00a0\u00a0\u00a0\u00a0\u00a0\u00a0\u00a0\u00a0\u00a0\u00a0\u00a0\u00a0\u00a0\u00a0\u00a0\u00a0\u00a0\u00a0\u00a0\u00a0\u00a0\u00a0\u00a0\u00a0\u00a0\u00a0\u00a0\u00a0\u00a0\u00a0\u00a0\u00a0\u00a0\u00a0\u00a0\u00a0\u00a0\u00a0\u00a0\u00a0\u00a0\u00a0\u00a0\u00a0\u00a0\u00a0\u00a0\u00a0\u00a0\u00a0\u00a0\u00a0\u00a0\u00a0\u00a0\u00a0\u00a0\u00a0\u00a0\u00a0\u00a0\u00a0\u00a0\u00a0\u00a0\u00a0\u00a0\u00a0\u00a0\u00a0\u00a0\u00a0\u00a0\u00a0\u00a0 Hyundai, Ticino\u00a0\u00a0\u00a0\u00a0\u00a0\u00a0\u00a0\u00a0\u00a0\u00a0\u00a0\u00a0\u00a0\u00a0\u00a0\u00a0\u00a0\u00a0\u00a0\u00a0\u00a0\u00a0\u00a0\u00a0\u00a0\u00a0\u00a0\u00a0\u00a0\u00a0\u00a0\u00a0\u00a0\u00a0\u00a0\u00a0\u00a0\u00a0\u00a0\u00a0\u00a0\u00a0\u00a0\u00a0\u00a0\u00a0\u00a0\u00a0\u00a0\u00a0\u00a0\u00a0\u00a0\u00a0\u00a0\u00a0\u00a0\u00a0\u00a0\u00a0\u00a0\u00a0\u00a0\u00a0\u00a0\u00a0\u00a0\u00a0\u00a0\u00a0\u00a0\u00a0\u00a0\u00a0\u00a0\u00a0\u00a0\u00a0\u00a0\u00a0\u00a0\u00a0\u00a0\u00a0\u00a0\u00a0\u00a0\u00a0\u00a0\u00a0\u00a0 Fiat Crysler, Ticino\u00a0\u00a0\u00a0\u00a0\u00a0\u00a0\u00a0\u00a0\u00a0\u00a0\u00a0\u00a0\u00a0\u00a0\u00a0\u00a0\u00a0\u00a0\u00a0\u00a0\u00a0\u00a0\u00a0\u00a0\u00a0\u00a0\u00a0\u00a0\u00a0\u00a0\u00a0\u00a0\u00a0\u00a0\u00a0\u00a0\u00a0\u00a0\u00a0\u00a0\u00a0\u00a0\u00a0\u00a0\u00a0\u00a0\u00a0\u00a0\u00a0\u00a0\u00a0\u00a0\u00a0\u00a0\u00a0\u00a0\u00a0\u00a0\u00a0\u00a0\u00a0\u00a0\u00a0\u00a0\u00a0\u00a0\u00a0\u00a0\u00a0\u00a0\u00a0\u00a0\u00a0\u00a0\u00a0\u00a0\u00a0\u00a0\u00a0\u00a0\u00a0\u00a0\u00a0\u00a0\u00a0\u00a0 AMAG Autowelt Z\u00fcrich, D\u00fcbendorf<\/p>\n<\/div>\n<p>[\/et_pb_text][\/et_pb_column][et_pb_column type=&#8220;1_2&#8243; _builder_version=&#8220;4.27.0&#8243; _module_preset=&#8220;default&#8220; global_colors_info=&#8220;{}&#8220;][et_pb_text _builder_version=&#8220;4.27.0&#8243; _module_preset=&#8220;default&#8220; text_font_size_tablet=&#8220;&#8220; text_font_size_phone=&#8220;14px&#8220; text_font_size_last_edited=&#8220;on|phone&#8220; global_colors_info=&#8220;{}&#8220;]<\/p>\n<p><strong><\/strong><strong>Salute<\/strong><br \/>Schweiz. Paraplegikerzentrum, Nottwil<br \/>Bodyteam, Winterthur<br \/>Aerztefon, Z\u00fcrich \/ Imamed, Basel<br \/>Pflegezentren T\u00f6sstal \/ Turbenthal<br \/>Wohnheim Sonnenberg, Winterthur<br \/>Pflegehilfe Schweiz, Schindellegi<br \/>Alterszentrum Stein am Rhein<br \/>\u00c4rztepraxis Vis-\u00e0-vis, D\u00fcdingen<br \/>ZLZ Zentrallabor Z\u00fcrich\u00a0\u00a0\u00a0\u00a0\u00a0\u00a0\u00a0\u00a0\u00a0\u00a0\u00a0\u00a0\u00a0\u00a0\u00a0\u00a0\u00a0\u00a0\u00a0\u00a0\u00a0\u00a0\u00a0\u00a0\u00a0\u00a0\u00a0\u00a0\u00a0\u00a0\u00a0\u00a0\u00a0\u00a0\u00a0\u00a0\u00a0\u00a0\u00a0\u00a0\u00a0\u00a0\u00a0\u00a0\u00a0\u00a0\u00a0\u00a0\u00a0\u00a0\u00a0\u00a0\u00a0\u00a0\u00a0\u00a0\u00a0\u00a0\u00a0\u00a0 Ergotherapie Praxis Wicke GmbH, Regensdorf<\/p>\n<p><strong>Consulenze di gestione\/personale<\/strong><br \/>PIDAS, Basel<br \/>Infel AG, Bern<br \/>ALRUMA, Z\u00fcrich (IEPB)<\/p>\n<p><strong>IT<\/strong><br \/>smahrt consulting AG, Wallisellen<br \/>Sedna Informatik, G\u00fcmligen<br \/>Canoo Engineering, Basel<br \/>Amea Informatik, Arbon<br \/>Proffix Software AG, Wetzikon<br \/>netpulse AG, Winterthur<\/p>\n<p><strong>Elettronica<\/strong><br \/>Canon Schweiz AG, Dietlikon<br \/>Sibir Group, Schlieren<\/p>\n<p><strong>Industria<\/strong><br \/>Compounds AG, Pf\u00e4ffikon SZ<br \/>Stadtwerk Winterthur<br \/>EKZ,\u00a0Z\u00fcrich<br \/>EWB, Bern<br \/>Paul Scherrer Institut, Villigen<br \/>Notz Plastics Ag, Br\u00fcgg<br \/>Gilgendoors AG, Schwarzenburg<br \/>carglass SA, Signy<br \/>Schindler Aufz\u00fcge, Ebikon<br \/>Obrecht AG, Spreitenbach<br \/>Velopalast und Fitnessshop Z\u00fcrich<br \/>Giovanni Russo AG, Andelfingen<br \/>Vaillant GmbH, Dietikon<br \/>TS Tor und Service AG, Muolen<br \/>Farbwelt AG, Winterthur<br \/>Alfasigma, Zofingen<br \/>Morf AG, Oberglatt<br \/>M\u00e4gerle Maschinenfabrik AG, Fehraltorf<br \/>Mosmatic AG, Necker<br \/>Inotec Sicherheitstechnik (Schweiz) AG, Uster<\/p>\n<p><strong>Commercio e grossisti<\/strong><br \/>orell f\u00fcssli Buchhandlungs AG<br \/>Musculus AG, Bubikon<br \/>Carnagrischa\/Gastroblitz, Landquart<br \/>Ecco J\u00e4ger AG, Landquart<br \/>Jelmoli AG, Z\u00fcrich<br \/>M\u00f6bel M\u00e4rki, Hunzenschwil<br \/>Elektro-Material AG, Z\u00fcrich\/Bern\/Basel<br \/>Weidm\u00fcller AG, Neuhausen<br \/>Rhyner Maschinen Werkzeuge AG, Egg<br \/>Joma Trading AG, Aadorf<br \/>Matrazen Concord, Frauenfeld\u00a0\u00a0\u00a0\u00a0\u00a0\u00a0\u00a0\u00a0\u00a0\u00a0\u00a0\u00a0\u00a0\u00a0\u00a0\u00a0\u00a0\u00a0\u00a0\u00a0\u00a0\u00a0\u00a0\u00a0\u00a0\u00a0\u00a0\u00a0\u00a0\u00a0\u00a0\u00a0\u00a0\u00a0\u00a0\u00a0\u00a0\u00a0\u00a0\u00a0\u00a0\u00a0\u00a0\u00a0\u00a0\u00a0\u00a0\u00a0\u00a0\u00a0\u00a0\u00a0\u00a0\u00a0\u00a0\u00a0\u00a0\u00a0\u00a0\u00a0\u00a0\u00a0\u00a0 Vom Fass, Murten<\/p>\n<p><strong>Beni di lusso<\/strong><br \/>Nike Schweiz, Bassersdorf<br \/>Denz AG, N\u00e4nikon<\/p>\n<p><strong>Verb\u00e4nde \/ Vereinigungen \/ Beh\u00f6rden\u00a0\u00a0\u00a0\u00a0\u00a0\u00a0\u00a0\u00a0\u00a0\u00a0\u00a0\u00a0\u00a0\u00a0\u00a0\u00a0\u00a0\u00a0\u00a0\u00a0\u00a0\u00a0\u00a0\u00a0\u00a0\u00a0\u00a0\u00a0\u00a0\u00a0\u00a0\u00a0\u00a0\u00a0\u00a0\u00a0\u00a0\u00a0\u00a0 <\/strong><strong><\/strong>Callnet.ch, Biel\u00a0\u00a0\u00a0\u00a0\u00a0\u00a0\u00a0\u00a0\u00a0\u00a0\u00a0\u00a0\u00a0\u00a0\u00a0\u00a0\u00a0\u00a0\u00a0\u00a0\u00a0\u00a0\u00a0\u00a0\u00a0\u00a0\u00a0\u00a0\u00a0\u00a0\u00a0\u00a0\u00a0\u00a0\u00a0\u00a0\u00a0\u00a0\u00a0\u00a0\u00a0\u00a0\u00a0\u00a0\u00a0\u00a0\u00a0\u00a0\u00a0\u00a0\u00a0\u00a0\u00a0\u00a0\u00a0\u00a0\u00a0\u00a0\u00a0\u00a0\u00a0\u00a0\u00a0\u00a0\u00a0\u00a0\u00a0\u00a0\u00a0\u00a0\u00a0\u00a0\u00a0\u00a0\u00a0\u00a0\u00a0\u00a0\u00a0\u00a0\u00a0\u00a0 Schweiz. Buchh\u00e4ndler- und Verlegerverband, Z\u00fcrich<br \/>Regionalbibliothek Affoltern a. Albis<br \/>Kornhausbibliotheken, Bern<br \/>VSF, Verband f\u00fchrender Storenfachbetriebe<br \/>VSAS, Verband Schaltanlagen und Automatik Schweiz<br \/>Flughafenregion Z\u00fcrich, Glattbrugg<\/p>\n<p>&nbsp;<\/p>\n<p>[\/et_pb_text][\/et_pb_column][\/et_pb_row][\/et_pb_section]<\/p>","protected":false},"excerpt":{"rendered":"<p>Nicht was wir erleben, sondern wie wir empfinden, was wir erlebt haben, macht unser Schicksal aus. ~Marie von Ebner-EschenbachNicht was wir erleben, sondern wie wir empfinden, was wir erlebt haben, macht unser Schicksal aus. ~Marie von Ebner-EschenbachStimmenStimmen von Teilnehmenden in Seminaren \/ Workshops \/ Coachings Workshop &#8222;Umgang mit schwierigen Situationen am Empfang&#8220; \/ Nov 24&#8243;Ich [&hellip;]<\/p>","protected":false},"author":1,"featured_media":0,"parent":0,"menu_order":7,"comment_status":"closed","ping_status":"closed","template":"","meta":{"_et_pb_use_builder":"on","_et_pb_old_content":"<!-- wp:divi\/placeholder \/-->","_et_gb_content_width":"","inline_featured_image":false,"footnotes":""},"class_list":["post-392","page","type-page","status-publish","hentry"],"_links":{"self":[{"href":"https:\/\/mdm-training.com\/it\/wp-json\/wp\/v2\/pages\/392","targetHints":{"allow":["GET"]}}],"collection":[{"href":"https:\/\/mdm-training.com\/it\/wp-json\/wp\/v2\/pages"}],"about":[{"href":"https:\/\/mdm-training.com\/it\/wp-json\/wp\/v2\/types\/page"}],"author":[{"embeddable":true,"href":"https:\/\/mdm-training.com\/it\/wp-json\/wp\/v2\/users\/1"}],"replies":[{"embeddable":true,"href":"https:\/\/mdm-training.com\/it\/wp-json\/wp\/v2\/comments?post=392"}],"version-history":[{"count":12,"href":"https:\/\/mdm-training.com\/it\/wp-json\/wp\/v2\/pages\/392\/revisions"}],"predecessor-version":[{"id":594,"href":"https:\/\/mdm-training.com\/it\/wp-json\/wp\/v2\/pages\/392\/revisions\/594"}],"wp:attachment":[{"href":"https:\/\/mdm-training.com\/it\/wp-json\/wp\/v2\/media?parent=392"}],"curies":[{"name":"wp","href":"https:\/\/api.w.org\/{rel}","templated":true}]}}