{"id":18,"date":"2024-08-15T05:29:05","date_gmt":"2024-08-15T05:29:05","guid":{"rendered":"https:\/\/mdm-training.com\/?page_id=18"},"modified":"2025-01-03T14:37:13","modified_gmt":"2025-01-03T14:37:13","slug":"publikationen-und-literaturempfehlungen","status":"publish","type":"page","link":"https:\/\/mdm-training.com\/de\/aktuelles\/publikationen-und-literaturempfehlungen\/","title":{"rendered":"Publikationen und Literaturempfehlungen"},"content":{"rendered":"<p>[et_pb_section fb_built=&#8220;1&#8243; disabled_on=&#8220;on|on|off&#8220; _builder_version=&#8220;4.27.0&#8243; _module_preset=&#8220;default&#8220; background_image=&#8220;https:\/\/mdm-training.com\/wp-content\/uploads\/2024\/08\/110-111.jpg&#8220; custom_padding=&#8220;13vw||3vw||false|false&#8220; global_colors_info=&#8220;{}&#8220;][et_pb_row custom_padding_last_edited=&#8220;on|phone&#8220; _builder_version=&#8220;4.27.0&#8243; _module_preset=&#8220;default&#8220; background_color=&#8220;rgba(158,201,67,0.83)&#8220; width=&#8220;50%&#8220; width_tablet=&#8220;50%&#8220; width_phone=&#8220;100%&#8220; width_last_edited=&#8220;on|phone&#8220; module_alignment=&#8220;right&#8220; custom_padding=&#8220;40px|40px|40px|40px|true|true&#8220; custom_padding_tablet=&#8220;40px|40px|40px|40px|true|true&#8220; custom_padding_phone=&#8220;10px|10px|10px|10px|true|true&#8220; global_colors_info=&#8220;{}&#8220; width__hover_enabled=&#8220;off|desktop&#8220;][et_pb_column type=&#8220;4_4&#8243; _builder_version=&#8220;4.27.0&#8243; _module_preset=&#8220;default&#8220; global_colors_info=&#8220;{}&#8220;][et_pb_text _builder_version=&#8220;4.27.0&#8243; _module_preset=&#8220;default&#8220; text_text_color=&#8220;#FFFFFF&#8220; text_font_size=&#8220;15px&#8220; header_4_font=&#8220;|300|||||||&#8220; header_4_text_color=&#8220;#FFFFFF&#8220; header_4_font_size=&#8220;26px&#8220; text_orientation=&#8220;right&#8220; text_font_size_tablet=&#8220;15px&#8220; text_font_size_phone=&#8220;12px&#8220; text_font_size_last_edited=&#8220;on|phone&#8220; header_4_font_size_tablet=&#8220;26px&#8220; header_4_font_size_phone=&#8220;19px&#8220; header_4_font_size_last_edited=&#8220;on|phone&#8220; global_colors_info=&#8220;{}&#8220;]<\/p>\n<h4>Wenn wir bedenken, dass wir alle verr\u00fcckt sind, ist das Leben erkl\u00e4rt<\/h4>\n<p><span>~Mark Twain<\/span>[\/et_pb_text][\/et_pb_column][\/et_pb_row][\/et_pb_section][et_pb_section fb_built=&#8220;1&#8243; disabled_on=&#8220;off|off|on&#8220; _builder_version=&#8220;4.27.0&#8243; _module_preset=&#8220;default&#8220; custom_padding=&#8220;0px||0px||false|false&#8220; global_colors_info=&#8220;{}&#8220;][et_pb_row _builder_version=&#8220;4.27.0&#8243; _module_preset=&#8220;default&#8220; width=&#8220;100%&#8220; custom_padding=&#8220;0px||0px||false|false&#8220; global_colors_info=&#8220;{}&#8220;][et_pb_column type=&#8220;4_4&#8243; _builder_version=&#8220;4.27.0&#8243; _module_preset=&#8220;default&#8220; global_colors_info=&#8220;{}&#8220;][et_pb_image src=&#8220;https:\/\/mdm-training.com\/wp-content\/uploads\/2024\/08\/110-111.jpg&#8220; title_text=&#8220;110-11%911%93&#8243; _builder_version=&#8220;4.27.0&#8243; _module_preset=&#8220;default&#8220; global_colors_info=&#8220;{}&#8220;][\/et_pb_image][\/et_pb_column][\/et_pb_row][et_pb_row custom_padding_last_edited=&#8220;on|phone&#8220; _builder_version=&#8220;4.27.0&#8243; _module_preset=&#8220;default&#8220; background_color=&#8220;rgba(158,201,67,0.83)&#8220; width=&#8220;50%&#8220; width_tablet=&#8220;50%&#8220; width_phone=&#8220;100%&#8220; width_last_edited=&#8220;on|phone&#8220; module_alignment=&#8220;right&#8220; custom_padding=&#8220;40px|40px|40px|40px|true|true&#8220; custom_padding_tablet=&#8220;40px|40px|40px|40px|true|true&#8220; custom_padding_phone=&#8220;15px|15px|15px|15px|true|true&#8220; global_colors_info=&#8220;{}&#8220; width__hover_enabled=&#8220;off|desktop&#8220;][et_pb_column type=&#8220;4_4&#8243; _builder_version=&#8220;4.27.0&#8243; _module_preset=&#8220;default&#8220; global_colors_info=&#8220;{}&#8220;][et_pb_text _builder_version=&#8220;4.27.0&#8243; _module_preset=&#8220;default&#8220; text_text_color=&#8220;#FFFFFF&#8220; text_font_size=&#8220;15px&#8220; header_4_font=&#8220;|300|||||||&#8220; header_4_text_color=&#8220;#FFFFFF&#8220; header_4_font_size=&#8220;26px&#8220; text_orientation=&#8220;right&#8220; text_font_size_tablet=&#8220;15px&#8220; text_font_size_phone=&#8220;12px&#8220; text_font_size_last_edited=&#8220;on|phone&#8220; header_4_font_size_tablet=&#8220;26px&#8220; header_4_font_size_phone=&#8220;19px&#8220; header_4_font_size_last_edited=&#8220;on|phone&#8220; global_colors_info=&#8220;{}&#8220;]<\/p>\n<h4>Wenn wir bedenken, dass wir alle verr\u00fcckt sind, ist das Leben erkl\u00e4rt<\/h4>\n<p><span>~Mark Twain<\/span>[\/et_pb_text][\/et_pb_column][\/et_pb_row][\/et_pb_section][et_pb_section fb_built=&#8220;1&#8243; _builder_version=&#8220;4.27.0&#8243; _module_preset=&#8220;default&#8220; global_colors_info=&#8220;{}&#8220;][et_pb_row custom_padding_last_edited=&#8220;on|phone&#8220; _builder_version=&#8220;4.27.0&#8243; _module_preset=&#8220;default&#8220; width_tablet=&#8220;&#8220; width_phone=&#8220;90%&#8220; width_last_edited=&#8220;on|phone&#8220; custom_padding_tablet=&#8220;&#8220; custom_padding_phone=&#8220;0px||0px||false|false&#8220; global_colors_info=&#8220;{}&#8220;][et_pb_column type=&#8220;4_4&#8243; _builder_version=&#8220;4.27.0&#8243; _module_preset=&#8220;default&#8220; global_colors_info=&#8220;{}&#8220;][et_pb_text _builder_version=&#8220;4.27.0&#8243; _module_preset=&#8220;default&#8220; header_font=&#8220;|700|||||||&#8220; header_text_color=&#8220;#3f6123&#8243; header_font_size=&#8220;36px&#8220; custom_margin=&#8220;||5px||false|false&#8220; header_font_size_tablet=&#8220;36px&#8220; header_font_size_phone=&#8220;30px&#8220; header_font_size_last_edited=&#8220;on|phone&#8220; global_colors_info=&#8220;{}&#8220;]<\/p>\n<h1>Publikationen und Literaturempfehlungen<br \/>\n<\/h1>\n<p>[\/et_pb_text][et_pb_divider divider_weight=&#8220;8px&#8220; divider_weight_tablet=&#8220;8px&#8220; divider_weight_phone=&#8220;5px&#8220; divider_weight_last_edited=&#8220;on|phone&#8220; _builder_version=&#8220;4.27.0&#8243; _module_preset=&#8220;default&#8220; width=&#8220;7%&#8220; width_tablet=&#8220;7%&#8220; width_phone=&#8220;17%&#8220; width_last_edited=&#8220;on|phone&#8220; custom_margin=&#8220;||5px||false|false&#8220; global_colors_info=&#8220;{}&#8220;][\/et_pb_divider][et_pb_text _builder_version=&#8220;4.27.0&#8243; _module_preset=&#8220;default&#8220; text_font_size_tablet=&#8220;&#8220; text_font_size_phone=&#8220;14px&#8220; text_font_size_last_edited=&#8220;on|phone&#8220; global_colors_info=&#8220;{}&#8220;]<\/p>\n<h3>Publikationen der letzten Jahre (neueste zuerst)<\/h3>\n<p><span style=\"text-decoration: underline;\"><a href=\"https:\/\/mdm-training.com\/wp-content\/uploads\/2024\/08\/artikel_curarviva_12211.pdf\" target=\"_blank\" rel=\"noopener\">\u201eDie Mitarbeitenden an das Unternehmen binden\u201c<\/a><\/span> Mariella De Matteis, Curaviva 12\/21<\/p>\n<p><a href=\"https:\/\/mdm-training.com\/wp-content\/uploads\/2024\/08\/power_of_comuunication_def1.pdf\" target=\"_blank\" rel=\"noopener\"><span style=\"text-decoration: underline;\">\u201eDie Power der Kommunikation?\u201c<\/span><\/a> Mariella De Matteis, KMU Rundschau 05\/19<\/p>\n<p><a href=\"https:\/\/mdm-training.com\/wp-content\/uploads\/2024\/08\/kmuRUNDSCHAU_06_2018_teambuilding1.pdf\" target=\"_blank\" rel=\"noopener\"><span style=\"text-decoration: underline;\">\u201eStiftest du schon oder bildest du noch?\u201c<\/span><\/a> Mariella De Matteis, KMU Rundschau 02\/18<\/p>\n<p><a href=\"https:\/\/mdm-training.com\/wp-content\/uploads\/2024\/08\/mdmtraining_Vom_Wohlbefinden_KMU_2015_011.pdf\" target=\"_blank\" rel=\"noopener\"><span style=\"text-decoration: underline;\">\u201eWohlf\u00fchlen am Arbeitsplatz\u201c<\/span><\/a> Mariella De Matteis, KMU Prestige 01\/15 und KMU Rundschau 02\/15<\/p>\n<p><a href=\"https:\/\/mdm-training.com\/wp-content\/uploads\/2024\/08\/KMU_02_2014_matteis1.pdf\" target=\"_blank\" rel=\"noopener\"><span style=\"text-decoration: underline;\">\u201eOrganisatorischer Wandel \u2013 Menschen im Widerstand darin erkennen und begleiten\u201c<\/span><\/a> Mariella De Matteis, KMU Rundschau 04\/14<\/p>\n<p><a href=\"https:\/\/mdm-training.com\/wp-content\/uploads\/2024\/08\/FrauMatteis1.pdf\" target=\"_blank\" rel=\"noopener\"><span style=\"text-decoration: underline;\">\u201eWas Mitarbeitende motiviert\u201c<\/span><\/a> Mariella De Matteis, Beilage Mitarbeiterfortbildung im \u201eErfolg\u201c, 10\/11, 2011<\/p>\n<p><a href=\"https:\/\/mdm-training.com\/wp-content\/uploads\/2024\/08\/expodata_08101.pdf\" target=\"_blank\" rel=\"noopener\"><span style=\"text-decoration: underline;\">\u201eWas, wenn der Flirt langweilig wird?\u201c<\/span><\/a> Mariella De Matteis, Expodata Aug. 2010<\/p>\n<p><a href=\"https:\/\/mdm-training.com\/wp-content\/uploads\/2024\/08\/stellefant_elavatorpitch_druck1.pdf\" target=\"_blank\" rel=\"noopener\"><span style=\"text-decoration: underline;\">\u201eElavotor Pitch\u201c<\/span><\/a> Mariella De Matteis\/Olivier Inhelder, Stellefant Basel Febr. 2010<\/p>\n<p><a href=\"https:\/\/mdm-training.com\/wp-content\/uploads\/2024\/08\/artikel_nr02091.pdf\" target=\"_blank\" rel=\"noopener\"><span style=\"text-decoration: underline;\">\u201eH\u00f6ren wir auf zu seminaren, beginnen wir zu transferieren\u201c<\/span><\/a> Mariella De Matteis, KMU Life 02\/09<\/p>\n<p><a href=\"https:\/\/mdm-training.com\/wp-content\/uploads\/2024\/08\/KMU_LIFE_04081.pdf\" target=\"_blank\" rel=\"noopener\"><span style=\"text-decoration: underline;\">\u201eVon K\u00f6niginnen und KundInnen\u201c<\/span><\/a> Mariella De Matteis, KMU Life 04\/08<\/p>\n<p><span style=\"text-decoration: underline;\"><a href=\"https:\/\/mdm-training.com\/wp-content\/uploads\/2024\/08\/KMULife_0407_mdm_web1.pdf\" target=\"_blank\" rel=\"noopener\">\u201eDer versteckte Tanz im Outbound\u201c<\/a><\/span> Mariella De Matteis, KMU Life 04\/07<\/p>\n<p><a href=\"https:\/\/mdm-training.com\/wp-content\/uploads\/2024\/08\/smalltalk1.pdf\" target=\"_blank\" rel=\"noopener\"><span style=\"text-decoration: underline;\">\u201eOhne Smalltalk geht nichts\u201c<\/span><\/a> Florinda Gadient, Schweizer Buchhandel, Nr. 19 \/ 2005<\/p>\n<p><span style=\"text-decoration: underline;\"><a href=\"https:\/\/mdm-training.com\/wp-content\/uploads\/2024\/08\/marketing_education1.pdf\" target=\"_blank\" rel=\"noopener\">\u201eDie Personlichkeit in den Mittelpunkt\u201c<\/a><\/span> Georg Lutz, World of Marketing and Education, anl\u00e4sslich X05, Z\u00fcrich 2005<\/p>\n<p><span style=\"text-decoration: underline;\"><a href=\"https:\/\/mdm-training.com\/wp-content\/uploads\/2024\/08\/schweizbuchhandel_okt051.pdf\" target=\"_blank\" rel=\"noopener\">\u201eDer Kunde ist ein offener und neugieriger Mensch\u201c<\/a><\/span> Interview Schweizer Buchhandel, Oktober 2005<\/p>\n<p>[\/et_pb_text][\/et_pb_column][\/et_pb_row][et_pb_row custom_padding_last_edited=&#8220;on|phone&#8220; _builder_version=&#8220;4.27.0&#8243; _module_preset=&#8220;default&#8220; width_tablet=&#8220;&#8220; width_phone=&#8220;90%&#8220; width_last_edited=&#8220;on|phone&#8220; custom_padding_tablet=&#8220;&#8220; custom_padding_phone=&#8220;0px||0px||false|false&#8220; global_colors_info=&#8220;{}&#8220;][et_pb_column type=&#8220;4_4&#8243; _builder_version=&#8220;4.27.0&#8243; _module_preset=&#8220;default&#8220; global_colors_info=&#8220;{}&#8220;][et_pb_text _builder_version=&#8220;4.27.0&#8243; _module_preset=&#8220;default&#8220; custom_padding=&#8220;||18px|||&#8220; text_font_size_tablet=&#8220;&#8220; text_font_size_phone=&#8220;14px&#8220; text_font_size_last_edited=&#8220;on|phone&#8220; global_colors_info=&#8220;{}&#8220;]<\/p>\n<h3>Literaturempfehlungen<\/h3>\n<p>[\/et_pb_text][et_pb_blurb title=&#8220;Sebastian Bergman, Kriminalpsychologe: Hochintelligent und unausstehlich.&#8220; image=&#8220;https:\/\/mdm-training.com\/wp-content\/uploads\/2024\/08\/thumb_mann20der20kein20moerder20war1.jpeg&#8220; icon_placement=&#8220;left&#8220; image_icon_width=&#8220;100px&#8220; content_max_width=&#8220;100%&#8220; icon_placement_tablet=&#8220;left&#8220; icon_placement_phone=&#8220;top&#8220; icon_placement_last_edited=&#8220;on|phone&#8220; _builder_version=&#8220;4.27.0&#8243; _module_preset=&#8220;default&#8220; global_colors_info=&#8220;{}&#8220;]<\/p>\n<p>Bei V\u00e4ster\u00e5s wird die Leiche eines Jungen entdeckt &#8211; brutal ermordet, mit herausgerissenem Herzen. Roger war Sch\u00fcler eines Elitegymnasiums, ein sensibler Junge. Die Polizei vor Ort ist \u00fcberfordert, und so reist Kommissar H\u00f6glund mit seinem Team aus Stockholm in die Provinz. Dort trifft er \u00fcberraschend einen alten Bekannten: Sebastian Bergman, ein brillanter Kriminalpsychologe und ber\u00fcchtigter Kotzbrocken. Er bietet H\u00f6glund seine Hilfe an. Das Team ist wenig begeistert, doch schon bald wird der hochintelligente Bergman unverzichtbar. Denn in V\u00e4ster\u00e5s gibt es mehr als eine zerst\u00f6rte Seele!<\/p>\n<p>Ein beeindruckendes Krimideb\u00fct; psychologisch dicht, mit unerwarteten Wendungen und einem ungew\u00f6hnlichen Ermittler, eigentlich ein \u00abKotzbrocken\u00bb. Und doch irgendwie so menschlich\u2026Mich fasziniert vorwiegend die Verbindung von Menschlichkeit und Schicksal, und dies auf allen Ebenen, sei es die Dramaturgie wie auch die Verbindungen der Protagonisten.<\/p>\n<p><em>Dies ist der erste Band einer ganzen Reihe, die B\u00fccher sind wie \u00fcblich miteinander verbunden, k\u00f6nnen jedoch auch als eigenst\u00e4ndige Romane gelesen werden.<\/em><\/p>\n<p>[\/et_pb_blurb][et_pb_blurb image=&#8220;https:\/\/mdm-training.com\/wp-content\/uploads\/2024\/08\/alphabethaus1.jpg&#8220; icon_placement=&#8220;left&#8220; image_icon_width=&#8220;100px&#8220; content_max_width=&#8220;100%&#8220; icon_placement_tablet=&#8220;left&#8220; icon_placement_phone=&#8220;top&#8220; icon_placement_last_edited=&#8220;on|phone&#8220; _builder_version=&#8220;4.27.0&#8243; _module_preset=&#8220;default&#8220; global_colors_info=&#8220;{}&#8220;]<\/p>\n<p>\u201eEine unfassbare Geschichte: die Schrecken des Krieges und das Schicksal psychisch zutiefst besch\u00e4digter Patienten einer Nervenheilanstalt auf der einen Seite, die Freundschaft zweier englischer Piloten und die Suche nach einem Verschwundenen auf der anderen, geh\u00f6rt zum Besten, was Jussi Adler-Olsen je geschrieben hat. Wie er das groteske Elend der Patienten einer Nervenklinik als Folge des Krieges schildert, ist anr\u00fchrend und beklemmend zugleich. Man liest das Buch mit allen Sinnen.\u201c Ingrid Brekke in \u201aAftenposten\u2018<\/p>\n<p><span><em>Das Buch hat mich sehr ber\u00fchrt, nichts wird besch\u00f6nigt, nackte Wahrheiten wechseln sich ab mit Hoffnungstr\u00e4umen und der Kraft des \u00dcberlebenswillen. Sehr sch\u00f6n skizzierte M\u00e4nnerfreundschaft.<\/em><\/span><\/p>\n<p>[\/et_pb_blurb][et_pb_blurb image=&#8220;https:\/\/mdm-training.com\/wp-content\/uploads\/2024\/08\/kim1.jpg&#8220; icon_placement=&#8220;left&#8220; image_icon_width=&#8220;100px&#8220; content_max_width=&#8220;100%&#8220; icon_placement_tablet=&#8220;left&#8220; icon_placement_phone=&#8220;top&#8220; icon_placement_last_edited=&#8220;on|phone&#8220; _builder_version=&#8220;4.27.0&#8243; _module_preset=&#8220;default&#8220; global_colors_info=&#8220;{}&#8220;]<\/p>\n<p>Ein unges\u00fchntes Verbrechen aus der Vergangenheit, ein Mord aus Liebe und ein T\u00e4ter ohne Gewissensbisse: Der schwedische Bestsellerautor H\u00e5kan Nesser mit dem Buch, das in Schweden seinen Ruhm begr\u00fcndete.<\/p>\n<p>Schweden in den 60er Jahren. Ein kleines Sommerhaus an einem der unz\u00e4hligen Seen. Hier verbringen der 14-j\u00e4hrige Erik und sein Freund Edmund die Ferien. Sie schw\u00e4rmen von der jungen Aushilfslehrerin Ewa, die aussieht wie Kim Novak und sich schon bald beim Dorffest in voller Bl\u00fcte zeigt. Zwei Tage sp\u00e4ter findet man die Leiche von Ewas Verlobtem, und Eriks \u00e4lterer Bruder, der eine Aff\u00e4re mit Ewa hatte, ger\u00e4t unter Mordverdacht. Der T\u00e4ter wird jedoch nie gefunden. 25 Jahre vergehen, bis der erwachsene Erik zuf\u00e4llig einen Bericht \u00fcber ungekl\u00e4rte Verbrechen liest und der Sommer von damals mit aller Gewalt \u00fcber ihn hereinbricht.<\/p>\n<p><em><span>Mich hat das Buch insbesondere fasziniert, weil die Geschichte von einem Jugendlichen in der Ich-Form erz\u00e4hlt wird. Im Laufe des Buches wird der Jugendliche zum jungen Mann, dann zum Mann in mittleren Jahren bis hin zum alternden Mann. Die Ich-Form bleibt und die Sprache wird mit zunehmendem Alter reifer und konkreter. \u2013 Ein besonderer Leckerbissen ist das Buch als H\u00f6rbuch, gelesen von Dietmar B\u00e4r (Kommissar Freddy Schenk im K\u00f6lner Tatort), eine \u201eempathische\u201c Stimme zu einem sensiblen Buch. Dietmar B\u00e4r liest \u00fcbrigens mehrere B\u00fccher von Hakan Nesser, es k\u00f6nnte sich wohl niemand besser\u00a0 in die Geschichten dieses schwedischen Autors einf\u00fchlen.<\/span><\/em><\/p>\n<p>[\/et_pb_blurb][et_pb_blurb image=&#8220;https:\/\/mdm-training.com\/wp-content\/uploads\/2024\/08\/buch_washingtondekret1.jpg&#8220; icon_placement=&#8220;left&#8220; image_icon_width=&#8220;100px&#8220; content_max_width=&#8220;100%&#8220; icon_placement_tablet=&#8220;left&#8220; icon_placement_phone=&#8220;top&#8220; icon_placement_last_edited=&#8220;on|phone&#8220; _builder_version=&#8220;4.27.0&#8243; _module_preset=&#8220;default&#8220; global_colors_info=&#8220;{}&#8220;]<\/p>\n<p>Die atemberaubende Vision vom Zerfall einer Gesellschaft. Durch den kaltbl\u00fctigen Mord an seiner Ehefrau und dem ungeborenen Kind ger\u00e4t der neu gew\u00e4hlte amerikanische Pr\u00e4sident Bruce Jansen v\u00f6llig aus dem Gleichgewicht. Er erl\u00e4sst das \u203aWashington Dekret\u2039 \u2013 eine politische Entscheidung, die schwerwiegende Folgen nach sich zieht f\u00fcr die gesamte amerikanische Bev\u00f6lkerung. Amerika im Ausnahmezustand \u2026<\/p>\n<p>Doggie Rogers, Mitarbeiterin im Stab des Pr\u00e4sidenten, steht nach dem Attentat unter Schock \u2013 nicht zuletzt, weil ihr eigener Vater nun des Mordes angeklagt wird. Auf der Suche nach der Wahrheit wird Doggie zur meistgesuchten Frau der USA. Mit Hilfe von Freunden versucht sie das Komplott aufzudecken. Alles ruht nun auf ihren Schultern \u2026<\/p>\n<p><span class=\"noDescription\" data-test=\"inhaltArtikel\"><span><em>Eine Art Umkehrung der Themen der amerikanischen Gesellschaft, f\u00fcr einmal in Richtung ohne Waffen und Lobbies. Interessante These grad im Hinblick auf die aktuelle Politik. Spannend und mitreissend, kongruent in sich geschrieben und ausnahmslos fesselnd.<\/em><\/span><\/span><\/p>\n<p>[\/et_pb_blurb][et_pb_blurb image=&#8220;https:\/\/mdm-training.com\/wp-content\/uploads\/2024\/08\/das_fest_der_bedeutungslosigkeit1.jpg&#8220; icon_placement=&#8220;left&#8220; image_icon_width=&#8220;100px&#8220; content_max_width=&#8220;100%&#8220; icon_placement_tablet=&#8220;left&#8220; icon_placement_phone=&#8220;top&#8220; icon_placement_last_edited=&#8220;on|phone&#8220; _builder_version=&#8220;4.27.0&#8243; _module_preset=&#8220;default&#8220; hover_enabled=&#8220;0&#8243; global_colors_info=&#8220;{}&#8220; sticky_enabled=&#8220;0&#8243;]<\/p>\n<p class=\"text\"><span class=\"noDescription\" data-test=\"inhaltArtikel\">Vier M\u00e4nner streifen durch Paris, besuchen ein elegantes Fest, beobachten die erotischen Strategien ihrer Mitmenschen. Alain entwickelt komplizierte Theorien \u00fcber die Lust der jungen M\u00e4dchen, den Bauchnabel zu zeigen. Ramon w\u00fcrde endlich gern die Chagall-Ausstellung besuchen. Charles erl\u00e4utert Stalins Witze, bei denen niemals jemand lachte. Und Caliban, der Schauspieler ohne Rollen, erfindet eine eigene Sprache, \u00fcber die nur er sich kaputtlachen kann \u2013 bis das junge portugiesische Hausm\u00e4dchen ihn versteht. Mit seinem ersten Roman nach vierzehn Jahren hat Milan Kundera das Portr\u00e4t einer Epoche gezeichnet, die komisch ist, weil sie ihren Humor verloren hat.\u00a0<\/span><label class=\"more\" for=\"punch_description\"><\/label><\/p>\n<p class=\"text\"><span><em>Und in der Tat, die \u201eBedeutungslosigkeit\u201c bekommt pl\u00f6tzlich eine Bedeutung, im wahrsten Sinne des Wortes. Auch wenn Elke Heidenreich es anscheinend in ihrem Statement als \u201eunm\u00f6gliches Buch\u201c betrachtet, mich hat es fasziniert, nicht nur die sch\u00f6ne Sprache, auch das Thema des Alters.<\/em><\/span><\/p>\n<p>[\/et_pb_blurb][et_pb_blurb image=&#8220;https:\/\/mdm-training.com\/wp-content\/uploads\/2024\/08\/hamster1.jpg&#8220; icon_placement=&#8220;left&#8220; image_icon_width=&#8220;100px&#8220; content_max_width=&#8220;100%&#8220; icon_placement_tablet=&#8220;left&#8220; icon_placement_phone=&#8220;top&#8220; icon_placement_last_edited=&#8220;on|phone&#8220; _builder_version=&#8220;4.27.0&#8243; _module_preset=&#8220;default&#8220; global_colors_info=&#8220;{}&#8220;]<\/p>\n<p><span>In seinem ersch\u00fctternden Tagebuch beschreibt Edward sein Dasein zwischen K\u00e4figst\u00e4ben und Futternapf wie er pl\u00f6tzlich dem Hamsterrad entkommt und sich auf das Abenteuer Leben einl\u00e4sst. Ein Ereignis! <br \/><\/span><\/p>\n<p><em><span>Ein wundersch\u00f6nes Vorlesebuch, tendenziell f\u00fcr Erwachsene <img decoding=\"async\" src=\"https:\/\/mdm-training.com\/wp-content\/themes\/Divi\/includes\/builder\/frontend-builder\/assets\/vendors\/plugins\/emoticons\/img\/smiley-wink.gif\" alt=\"wink\" \/><\/span><\/em><\/p>\n<p>[\/et_pb_blurb][et_pb_blurb image=&#8220;https:\/\/mdm-training.com\/wp-content\/uploads\/2024\/08\/schnecke1.jpg&#8220; icon_placement=&#8220;left&#8220; image_icon_width=&#8220;100px&#8220; content_max_width=&#8220;100%&#8220; icon_placement_tablet=&#8220;left&#8220; icon_placement_phone=&#8220;top&#8220; icon_placement_last_edited=&#8220;on|phone&#8220; _builder_version=&#8220;4.27.0&#8243; _module_preset=&#8220;default&#8220; global_colors_info=&#8220;{}&#8220;]<\/p>\n<p><span><\/span><span>Durch eine Krankheit ist die Journalistin Elisabeth Bailey ans Bett gefesselt. Als sie von einer Freundin eine Topfpflanze geschenkt bekommt, unter deren Bl\u00e4ttern eine Schnecke sitzt, beginnt sie diese zu beobachten. Nachts wird ihr neues Haustier aktiv, f\u00e4hrt seine F\u00fchler aus, geht auf die Jagd und vollf\u00fchrt seltsame Rituale. Fasziniert besch\u00e4ftigt sich Bailey mit Biologie und Kulturgeschichte der Schnecke und erf\u00e4hrt Verbl\u00fcffendes \u00fcber ein untersch\u00e4tztes Lebewesen.\u00a0<\/span><\/p>\n<p><em><span>Eine mit viel Achtsamkeit und Wertsch\u00e4tzung geschriebene Geschichte, und keine Erm\u00fcdungserscheinungen bei wissenschaftlichen Passagen. Das ERKUNDEN einer Schnecke von einer ganz speziellen Seite.<\/span><\/em><\/p>\n<p>[\/et_pb_blurb][\/et_pb_column][\/et_pb_row][\/et_pb_section]<\/p>\n","protected":false},"excerpt":{"rendered":"<p>Wenn wir bedenken, dass wir alle verr\u00fcckt sind, ist das Leben erkl\u00e4rt ~Mark TwainWenn wir bedenken, dass wir alle verr\u00fcckt sind, ist das Leben erkl\u00e4rt ~Mark TwainPublikationen und Literaturempfehlungen Publikationen der letzten Jahre (neueste zuerst) \u201eDie Mitarbeitenden an das Unternehmen binden\u201c Mariella De Matteis, Curaviva 12\/21 \u201eDie Power der Kommunikation?\u201c Mariella De Matteis, KMU Rundschau [&hellip;]<\/p>\n","protected":false},"author":1,"featured_media":0,"parent":14,"menu_order":0,"comment_status":"closed","ping_status":"closed","template":"","meta":{"_et_pb_use_builder":"on","_et_pb_old_content":"<!-- wp:divi\/placeholder \/-->","_et_gb_content_width":"","inline_featured_image":false,"footnotes":""},"class_list":["post-18","page","type-page","status-publish","hentry"],"_links":{"self":[{"href":"https:\/\/mdm-training.com\/de\/wp-json\/wp\/v2\/pages\/18","targetHints":{"allow":["GET"]}}],"collection":[{"href":"https:\/\/mdm-training.com\/de\/wp-json\/wp\/v2\/pages"}],"about":[{"href":"https:\/\/mdm-training.com\/de\/wp-json\/wp\/v2\/types\/page"}],"author":[{"embeddable":true,"href":"https:\/\/mdm-training.com\/de\/wp-json\/wp\/v2\/users\/1"}],"replies":[{"embeddable":true,"href":"https:\/\/mdm-training.com\/de\/wp-json\/wp\/v2\/comments?post=18"}],"version-history":[{"count":5,"href":"https:\/\/mdm-training.com\/de\/wp-json\/wp\/v2\/pages\/18\/revisions"}],"predecessor-version":[{"id":475,"href":"https:\/\/mdm-training.com\/de\/wp-json\/wp\/v2\/pages\/18\/revisions\/475"}],"up":[{"embeddable":true,"href":"https:\/\/mdm-training.com\/de\/wp-json\/wp\/v2\/pages\/14"}],"wp:attachment":[{"href":"https:\/\/mdm-training.com\/de\/wp-json\/wp\/v2\/media?parent=18"}],"curies":[{"name":"wp","href":"https:\/\/api.w.org\/{rel}","templated":true}]}}